{"id":7639,"date":"2022-10-25T17:03:37","date_gmt":"2022-10-25T15:03:37","guid":{"rendered":"https:\/\/www.lux-airport.lu\/parking-transport\/parking-information\/"},"modified":"2026-03-13T11:02:54","modified_gmt":"2026-03-13T10:02:54","slug":"parking-information","status":"publish","type":"page","link":"https:\/\/www.lux-airport.lu\/fr\/parking-transport\/parking-information\/","title":{"rendered":"Informations sur le parking"},"content":{"rendered":"\n<div style=\"height:30px\" aria-hidden=\"true\" class=\"wp-block-spacer\"><\/div>\n\n\n\n<div class=\"wp-block-buttons is-content-justification-space-between is-layout-flex wp-container-core-buttons-is-layout-3d213aab wp-block-buttons-is-layout-flex\">\n<div class=\"wp-block-button turquoiseButton\"><a class=\"wp-block-button__link wp-element-button\" href=\"https:\/\/www.lux-airport.lu\/fr\/parking-transport\/depose-minute\/\">D\u00e9pose-minute<\/a><\/div>\n\n\n\n<div class=\"wp-block-button turquoiseButton\"><a class=\"wp-block-button__link wp-element-button\" href=\"https:\/\/www.lux-airport.lu\/fr\/parking-transport\/acces-direct\/\">Prix acc\u00e8s direct<\/a><\/div>\n\n\n\n<div class=\"wp-block-button turquoiseButton\"><a class=\"wp-block-button__link wp-element-button\" href=\"https:\/\/www.lux-airport.lu\/fr\/parking-transport\/reservation-de-parking\/\">R\u00e9server un parking<\/a><\/div>\n\n\n\n<div class=\"wp-block-button turquoiseButton\"><a class=\"wp-block-button__link wp-element-button\" href=\"https:\/\/www.lux-airport.lu\/fr\/parking-transport\/modifier-la-reservation\/\">Modifier la r\u00e9servation<\/a><\/div>\n<\/div>\n\n\n\n<h2 class=\"wp-block-heading has-text-align-center\">Le parking officiel de&nbsp;<strong>l&rsquo;a\u00e9roport de Luxembourg<\/strong><\/h2>\n\n\n\n<h3 class=\"wp-block-heading has-text-align-center tangerine has-black-color has-text-color\" style=\"font-size:60px;font-style:normal;font-weight:300\">Jamais vous n&rsquo;aurez \u00e9t\u00e9 gar\u00e9 aussi pr\u00e8s !<\/h3>\n\n\n<div class=\"wp-block-image lightbox\">\n<figure class=\"aligncenter size-full\"><img loading=\"lazy\" decoding=\"async\" width=\"2152\" height=\"1022\" src=\"https:\/\/www.lux-airport.lu\/wp-content\/uploads\/2025\/04\/luxembourg-airport-parking-map-1.png\" alt=\"\" class=\"wp-image-20915\" srcset=\"https:\/\/www.lux-airport.lu\/wp-content\/uploads\/2025\/04\/luxembourg-airport-parking-map-1.png 2152w, https:\/\/www.lux-airport.lu\/wp-content\/uploads\/2025\/04\/luxembourg-airport-parking-map-1-300x142.png 300w, https:\/\/www.lux-airport.lu\/wp-content\/uploads\/2025\/04\/luxembourg-airport-parking-map-1-1024x486.png 1024w, https:\/\/www.lux-airport.lu\/wp-content\/uploads\/2025\/04\/luxembourg-airport-parking-map-1-768x365.png 768w, https:\/\/www.lux-airport.lu\/wp-content\/uploads\/2025\/04\/luxembourg-airport-parking-map-1-1536x729.png 1536w, https:\/\/www.lux-airport.lu\/wp-content\/uploads\/2025\/04\/luxembourg-airport-parking-map-1-2048x973.png 2048w\" sizes=\"auto, (max-width: 2152px) 100vw, 2152px\" \/><\/figure>\n<\/div>\n\n\n<div style=\"height:100px\" aria-hidden=\"true\" class=\"wp-block-spacer\"><\/div>\n\n\n\n<p><strong><strong>Bienvenue au parking officiel de lux-Airport.<\/strong><\/strong><\/p>\n\n\n\n<p>Gagnez du temps : pr\u00e9-r\u00e9servez votre stationnement en ligne pour profiter du parking Economy et de places de stationnement exclusivement en ligne. Jamais vous n\u2019aurez \u00e9t\u00e9 gar\u00e9 aussi pr\u00e8s !<\/p>\n\n\n\n<p><em><em>Veuillez noter que nos places de parking ne sont disponibles qu\u2019en nombre limit\u00e9. Il peut arriver que certains produits soient temporairement indisponibles.<\/em><\/em><\/p>\n\n\n\n<div class=\"wp-block-columns parkingInformationProductsContainer is-layout-flex wp-container-core-columns-is-layout-9d6595d7 wp-block-columns-is-layout-flex\">\n<div class=\"wp-block-column is-layout-flow wp-block-column-is-layout-flow\">\n<h2 class=\"wp-block-heading has-text-align-center has-white-color has-text-color has-background\" style=\"background-color:#00ade9;font-style:normal;font-weight:900\">Indoor<\/h2>\n\n\n\n<p><strong>Premium parking<\/strong><\/p>\n\n\n\n<div class=\"wp-block-group is-nowrap is-layout-flex wp-container-core-group-is-layout-ad2f72ca wp-block-group-is-layout-flex\">\n<figure class=\"wp-block-image size-full\"><img loading=\"lazy\" decoding=\"async\" width=\"24\" height=\"24\" src=\"https:\/\/www.lux-airport.lu\/wp-content\/uploads\/2023\/10\/icon-car-garage.png\" alt=\"\" class=\"wp-image-15263\"><\/figure>\n\n\n\n<p>Parking A, B \u2013 couvert<\/p>\n<\/div>\n\n\n\n<div class=\"wp-block-group is-nowrap is-layout-flex wp-container-core-group-is-layout-ad2f72ca wp-block-group-is-layout-flex\">\n<figure class=\"wp-block-image size-full\"><img loading=\"lazy\" decoding=\"async\" width=\"24\" height=\"24\" src=\"https:\/\/www.lux-airport.lu\/wp-content\/uploads\/2023\/10\/icon-walking.png\" alt=\"\" class=\"wp-image-15251\"><\/figure>\n\n\n\n<p>Environ 2 minutes \u00e0 pied du terminal<\/p>\n<\/div>\n\n\n\n<div class=\"wp-block-buttons moreInfoButtons is-content-justification-center is-layout-flex wp-container-core-buttons-is-layout-16018d1d wp-block-buttons-is-layout-flex\">\n<div class=\"wp-block-button turquoiseButton rounded moreInfoOpen\"><a class=\"wp-block-button__link wp-element-button\">Plus d&rsquo;informations<\/a><\/div>\n\n\n\n<div class=\"wp-block-button turquoiseButton rounded moreInfoClose\"><a class=\"wp-block-button__link wp-element-button\">Fermez<\/a><\/div>\n<\/div>\n\n\n\n<div class=\"wp-block-group moreInfoContainer is-vertical is-layout-flex wp-container-core-group-is-layout-8cf370e7 wp-block-group-is-layout-flex\">\n<div class=\"wp-block-group is-nowrap is-layout-flex wp-container-core-group-is-layout-ad2f72ca wp-block-group-is-layout-flex\">\n<figure class=\"wp-block-image size-full\"><img loading=\"lazy\" decoding=\"async\" width=\"24\" height=\"24\" src=\"https:\/\/www.lux-airport.lu\/wp-content\/uploads\/2023\/10\/icon-pin.png\" alt=\"\" class=\"wp-image-15269\"><\/figure>\n\n\n\n<p><a href=\"https:\/\/cutt.ly\/aKEU9La\" target=\"_blank\" rel=\"noreferrer noopener nofollow\">Directions vers le parking A\/B<\/a><\/p>\n<\/div>\n\n\n\n<div class=\"wp-block-group is-nowrap is-layout-flex wp-container-core-group-is-layout-ad2f72ca wp-block-group-is-layout-flex\">\n<figure class=\"wp-block-image size-full\"><img loading=\"lazy\" decoding=\"async\" width=\"24\" height=\"24\" src=\"https:\/\/www.lux-airport.lu\/wp-content\/uploads\/2023\/10\/icon-alert-triangle.png\" alt=\"\" class=\"wp-image-15254\"><\/figure>\n\n\n\n<p>Veuillez noter que les v\u00e9hicules GPL ou d\u2019une hauteur sup\u00e9rieure \u00e0 2,2 m ne sont pas autoris\u00e9s<\/p>\n<\/div>\n<\/div>\n\n\n\n<div class=\"wp-block-group moreInfoContainer noboxshadow is-vertical is-layout-flex wp-container-core-group-is-layout-8cf370e7 wp-block-group-is-layout-flex\">\n<p><strong>Pre-booking<\/strong><\/p>\n\n\n\n<div class=\"wp-block-group is-nowrap is-layout-flex wp-container-core-group-is-layout-ad2f72ca wp-block-group-is-layout-flex\">\n<figure class=\"wp-block-image size-full\"><img loading=\"lazy\" decoding=\"async\" width=\"24\" height=\"24\" src=\"https:\/\/www.lux-airport.lu\/wp-content\/uploads\/2023\/10\/icon-sync.png\" alt=\"\" class=\"wp-image-15248\"><\/figure>\n\n\n\n<p>R\u00e9servation possible jusqu\u2019\u00e0 6 heures avant l\u2019entr\u00e9e au parking<\/p>\n<\/div>\n\n\n\n<div class=\"wp-block-group is-nowrap is-layout-flex wp-container-core-group-is-layout-ad2f72ca wp-block-group-is-layout-flex\">\n<figure class=\"wp-block-image size-full\"><img loading=\"lazy\" decoding=\"async\" width=\"24\" height=\"24\" src=\"https:\/\/www.lux-airport.lu\/wp-content\/uploads\/2023\/10\/icon-calendar.png\" alt=\"\" class=\"wp-image-15260\" style=\"object-fit:contain\"><\/figure>\n\n\n\n<p>Dur\u00e9e minimale de stationnement 24 heures<\/p>\n<\/div>\n\n\n\n<div class=\"wp-block-group is-nowrap is-layout-flex wp-container-core-group-is-layout-ad2f72ca wp-block-group-is-layout-flex\">\n<figure class=\"wp-block-image size-full\"><img loading=\"lazy\" decoding=\"async\" width=\"24\" height=\"24\" src=\"https:\/\/www.lux-airport.lu\/wp-content\/uploads\/2023\/10\/icon-sync.png\" alt=\"\" class=\"wp-image-15248\"><\/figure>\n\n\n\n<p>Annulation et changement de r\u00e9servation jusqu\u2019\u00e0 6 heures avant le d\u00e9but de la r\u00e9servation<\/p>\n<\/div>\n\n\n\n<div class=\"wp-block-group is-nowrap is-layout-flex wp-container-core-group-is-layout-ad2f72ca wp-block-group-is-layout-flex\">\n<figure class=\"wp-block-image size-full\"><img loading=\"lazy\" decoding=\"async\" width=\"24\" height=\"24\" src=\"https:\/\/www.lux-airport.lu\/wp-content\/uploads\/2023\/10\/icon-alert-triangle.png\" alt=\"\" class=\"wp-image-15254\"><\/figure>\n\n\n\n<p>Selon disponibilit\u00e9<\/p>\n<\/div>\n<\/div>\n<\/div>\n\n\n\n<div class=\"wp-block-column has-background is-layout-flow wp-block-column-is-layout-flow\" style=\"background-color:#f1f0f0\">\n<h2 class=\"wp-block-heading has-text-align-center has-white-color has-text-color has-background\" style=\"background-color:#2d905a;font-style:normal;font-weight:900\">Open Air<\/h2>\n\n\n\n<p><strong>Smart &amp; Easy parking<\/strong><\/p>\n\n\n\n<div class=\"wp-block-group is-nowrap is-layout-flex wp-container-core-group-is-layout-ad2f72ca wp-block-group-is-layout-flex\">\n<figure class=\"wp-block-image size-full\"><img loading=\"lazy\" decoding=\"async\" width=\"24\" height=\"24\" src=\"https:\/\/www.lux-airport.lu\/wp-content\/uploads\/2023\/10\/icon-car-sun.png\" alt=\"\" class=\"wp-image-15266\"><\/figure>\n\n\n\n<p>Parking F, G &amp; K \u2013 non couvert<\/p>\n<\/div>\n\n\n\n<div class=\"wp-block-group is-nowrap is-layout-flex wp-container-core-group-is-layout-ad2f72ca wp-block-group-is-layout-flex\">\n<figure class=\"wp-block-image size-full\"><img loading=\"lazy\" decoding=\"async\" width=\"24\" height=\"24\" src=\"https:\/\/www.lux-airport.lu\/wp-content\/uploads\/2023\/10\/icon-walking.png\" alt=\"\" class=\"wp-image-15251\"><\/figure>\n\n\n\n<p>Environ 5 minutes \u00e0 pied du terminal<\/p>\n<\/div>\n\n\n\n<div class=\"wp-block-buttons moreInfoButtons is-content-justification-center is-layout-flex wp-container-core-buttons-is-layout-16018d1d wp-block-buttons-is-layout-flex\">\n<div class=\"wp-block-button turquoiseButton rounded moreInfoOpen\"><a class=\"wp-block-button__link wp-element-button\">Plus d&rsquo;informations<\/a><\/div>\n\n\n\n<div class=\"wp-block-button turquoiseButton rounded moreInfoClose\"><a class=\"wp-block-button__link wp-element-button\">Fermez<\/a><\/div>\n<\/div>\n\n\n\n<div class=\"wp-block-group moreInfoContainer is-vertical is-layout-flex wp-container-core-group-is-layout-8cf370e7 wp-block-group-is-layout-flex\">\n<div class=\"wp-block-group is-nowrap is-layout-flex wp-container-core-group-is-layout-ad2f72ca wp-block-group-is-layout-flex\">\n<figure class=\"wp-block-image size-full\"><img loading=\"lazy\" decoding=\"async\" width=\"24\" height=\"24\" src=\"https:\/\/www.lux-airport.lu\/wp-content\/uploads\/2023\/10\/icon-pin.png\" alt=\"\" class=\"wp-image-15269\"><\/figure>\n\n\n\n<p><a href=\"https:\/\/cutt.ly\/6KEIjHi\" target=\"_blank\" rel=\"noreferrer noopener nofollow\">Directions vers le Parking F<\/a><br><a href=\"https:\/\/www.google.com\/maps\/place\/%5BP%5D+Flughafen+Findel+-+Parkplatz,+Luxemburg\/@49.6353503,6.2179274,19.81z\/data=!4m6!3m5!1s0x479545baa1bb759b:0xdaa74f0c70a1f327!8m2!3d49.6353423!4d6.2183056!16s%2Fg%2F11cm050tqh?entry=ttu\" rel=\"nofollow noopener\" target=\"_blank\">Directions vers le Parking G<\/a><br><a href=\"https:\/\/www.google.com\/maps\/dir\/\/49.63639286121518,+6.217574471959497\/@49.636427,6.2172046,19z\/data=!4m9!4m8!1m0!1m5!1m1!1s0x0:0x43d39af214a25f12!2m2!1d6.2175745!2d49.6363929!3e0?entry=ttu\" rel=\"nofollow noopener\" target=\"_blank\">Directions vers le Parking K<\/a><\/p>\n<\/div>\n<\/div>\n\n\n\n<div class=\"wp-block-group moreInfoContainer noboxshadow is-vertical is-layout-flex wp-container-core-group-is-layout-8cf370e7 wp-block-group-is-layout-flex\">\n<p><strong>Pre-booking<\/strong><\/p>\n\n\n\n<div class=\"wp-block-group is-nowrap is-layout-flex wp-container-core-group-is-layout-ad2f72ca wp-block-group-is-layout-flex\">\n<figure class=\"wp-block-image size-full\"><img loading=\"lazy\" decoding=\"async\" width=\"24\" height=\"24\" src=\"https:\/\/www.lux-airport.lu\/wp-content\/uploads\/2023\/10\/icon-sync.png\" alt=\"\" class=\"wp-image-15248\"><\/figure>\n\n\n\n<p>R\u00e9servation possible jusqu\u2019\u00e0 24 heures avant l\u2019entr\u00e9e au parking<\/p>\n<\/div>\n\n\n\n<div class=\"wp-block-group is-nowrap is-layout-flex wp-container-core-group-is-layout-ad2f72ca wp-block-group-is-layout-flex\">\n<figure class=\"wp-block-image size-full\"><img loading=\"lazy\" decoding=\"async\" width=\"24\" height=\"24\" src=\"https:\/\/www.lux-airport.lu\/wp-content\/uploads\/2023\/10\/icon-calendar.png\" alt=\"\" class=\"wp-image-15260\"><\/figure>\n\n\n\n<p>Dur\u00e9e minimale de stationnement 24 heures<\/p>\n<\/div>\n\n\n\n<div class=\"wp-block-group is-nowrap is-layout-flex wp-container-core-group-is-layout-ad2f72ca wp-block-group-is-layout-flex\">\n<figure class=\"wp-block-image size-full\"><img loading=\"lazy\" decoding=\"async\" width=\"24\" height=\"24\" src=\"https:\/\/www.lux-airport.lu\/wp-content\/uploads\/2023\/10\/icon-sync.png\" alt=\"\" class=\"wp-image-15248\"><\/figure>\n\n\n\n<p>Annulation et changement de r\u00e9servation jusqu\u2019\u00e0 6 heures avant le d\u00e9but de la r\u00e9servation<\/p>\n<\/div>\n\n\n\n<div class=\"wp-block-group is-nowrap is-layout-flex wp-container-core-group-is-layout-ad2f72ca wp-block-group-is-layout-flex\">\n<figure class=\"wp-block-image size-full\"><img loading=\"lazy\" decoding=\"async\" width=\"24\" height=\"24\" src=\"https:\/\/www.lux-airport.lu\/wp-content\/uploads\/2023\/10\/icon-alert-triangle.png\" alt=\"\" class=\"wp-image-15254\"><\/figure>\n\n\n\n<p>Diff\u00e9rents parkings \u2013 selon disponibilit\u00e9<\/p>\n<\/div>\n<\/div>\n<\/div>\n\n\n\n<div class=\"wp-block-column is-layout-flow wp-block-column-is-layout-flow\">\n<h2 class=\"wp-block-heading has-text-align-center has-white-color has-text-color has-background\" style=\"background-color:#6f3997;font-style:normal;font-weight:900\">Holiday<\/h2>\n\n\n\n<p><strong><strong>Parking Vacances<\/strong><\/strong><\/p>\n\n\n\n<div class=\"wp-block-group is-nowrap is-layout-flex wp-container-core-group-is-layout-ad2f72ca wp-block-group-is-layout-flex\">\n<figure class=\"wp-block-image size-full\"><img loading=\"lazy\" decoding=\"async\" width=\"24\" height=\"24\" src=\"https:\/\/www.lux-airport.lu\/wp-content\/uploads\/2023\/10\/icon-car-sun.png\" alt=\"\" class=\"wp-image-15266\"><\/figure>\n\n\n\n<p>Parking E \u2013 non couvert<\/p>\n<\/div>\n\n\n\n<div class=\"wp-block-group is-nowrap is-layout-flex wp-container-core-group-is-layout-ad2f72ca wp-block-group-is-layout-flex\">\n<figure class=\"wp-block-image size-full\"><img loading=\"lazy\" decoding=\"async\" width=\"24\" height=\"24\" src=\"https:\/\/www.lux-airport.lu\/wp-content\/uploads\/2023\/10\/icon-walking.png\" alt=\"\" class=\"wp-image-15251\"><\/figure>\n\n\n\n<p>Environ 10 minutes \u00e0 pied du terminal<\/p>\n<\/div>\n\n\n\n<div class=\"wp-block-buttons moreInfoButtons is-content-justification-center is-layout-flex wp-container-core-buttons-is-layout-16018d1d wp-block-buttons-is-layout-flex\">\n<div class=\"wp-block-button turquoiseButton rounded moreInfoOpen\"><a class=\"wp-block-button__link wp-element-button\">Plus d&rsquo;informations<\/a><\/div>\n\n\n\n<div class=\"wp-block-button turquoiseButton rounded moreInfoClose\"><a class=\"wp-block-button__link wp-element-button\">Fermez<\/a><\/div>\n<\/div>\n\n\n\n<div class=\"wp-block-group moreInfoContainer is-vertical is-layout-flex wp-container-core-group-is-layout-8cf370e7 wp-block-group-is-layout-flex\">\n<div class=\"wp-block-group is-nowrap is-layout-flex wp-container-core-group-is-layout-ad2f72ca wp-block-group-is-layout-flex\">\n<figure class=\"wp-block-image size-full\"><img loading=\"lazy\" decoding=\"async\" width=\"24\" height=\"24\" src=\"https:\/\/www.lux-airport.lu\/wp-content\/uploads\/2023\/10\/icon-pin.png\" alt=\"\" class=\"wp-image-15269\"><\/figure>\n\n\n\n<p><a href=\"https:\/\/cutt.ly\/pKEIEZ4\" target=\"_blank\" rel=\"noreferrer noopener nofollow\">Directions vers le parking E<\/a><\/p>\n<\/div>\n<\/div>\n\n\n\n<div class=\"wp-block-group moreInfoContainer noboxshadow is-vertical is-layout-flex wp-container-core-group-is-layout-8cf370e7 wp-block-group-is-layout-flex\">\n<p><strong>Pre-booking<\/strong><\/p>\n\n\n\n<div class=\"wp-block-group is-nowrap is-layout-flex wp-container-core-group-is-layout-ad2f72ca wp-block-group-is-layout-flex\">\n<figure class=\"wp-block-image size-full\"><img loading=\"lazy\" decoding=\"async\" width=\"24\" height=\"24\" src=\"https:\/\/www.lux-airport.lu\/wp-content\/uploads\/2023\/10\/icon-sync.png\" alt=\"\" class=\"wp-image-15248\"><\/figure>\n\n\n\n<p>R\u00e9servation possible jusqu\u2019\u00e0 24 heures avant l\u2019entr\u00e9e au parking<\/p>\n<\/div>\n\n\n\n<div class=\"wp-block-group is-nowrap is-layout-flex wp-container-core-group-is-layout-ad2f72ca wp-block-group-is-layout-flex\">\n<figure class=\"wp-block-image size-full\"><img loading=\"lazy\" decoding=\"async\" width=\"24\" height=\"24\" src=\"https:\/\/www.lux-airport.lu\/wp-content\/uploads\/2023\/10\/icon-calendar.png\" alt=\"\" class=\"wp-image-15260\"><\/figure>\n\n\n\n<p>Dur\u00e9e minimale de stationnement 4 jours<\/p>\n<\/div>\n\n\n\n<div class=\"wp-block-group is-nowrap is-layout-flex wp-container-core-group-is-layout-ad2f72ca wp-block-group-is-layout-flex\">\n<figure class=\"wp-block-image size-full\"><img loading=\"lazy\" decoding=\"async\" width=\"24\" height=\"24\" src=\"https:\/\/www.lux-airport.lu\/wp-content\/uploads\/2023\/10\/icon-sync.png\" alt=\"\" class=\"wp-image-15248\"><\/figure>\n\n\n\n<p>Annulation et changement de r\u00e9servation jusqu\u2019\u00e0 6 heures avant le d\u00e9but de la r\u00e9servation<\/p>\n<\/div>\n\n\n\n<div class=\"wp-block-group is-nowrap is-layout-flex wp-container-core-group-is-layout-ad2f72ca wp-block-group-is-layout-flex\">\n<figure class=\"wp-block-image size-full\"><img loading=\"lazy\" decoding=\"async\" width=\"24\" height=\"24\" src=\"https:\/\/www.lux-airport.lu\/wp-content\/uploads\/2023\/10\/icon-alert-triangle.png\" alt=\"\" class=\"wp-image-15254\"><\/figure>\n\n\n\n<p>Selon disponibilit\u00e9<\/p>\n<\/div>\n<\/div>\n<\/div>\n\n\n\n<div class=\"wp-block-column has-background is-layout-flow wp-block-column-is-layout-flow\" style=\"background-color:#f1f0f0\">\n<h2 class=\"wp-block-heading has-text-align-center has-black-color has-text-color has-background\" style=\"background-color:#ffff1a;font-style:normal;font-weight:900\">Economy<\/h2>\n\n\n\n<h3 class=\"wp-block-heading parkingInformationSticker has-black-color has-white-background-color has-text-color has-background has-small-font-size\">ONLINE ONLY<\/h3>\n\n\n\n<p><strong>Budget parking<\/strong><\/p>\n\n\n\n<div class=\"wp-block-group is-nowrap is-layout-flex wp-container-core-group-is-layout-ad2f72ca wp-block-group-is-layout-flex\">\n<figure class=\"wp-block-image size-full\"><img loading=\"lazy\" decoding=\"async\" width=\"24\" height=\"24\" src=\"https:\/\/www.lux-airport.lu\/wp-content\/uploads\/2023\/10\/icon-car-sun.png\" alt=\"\" class=\"wp-image-15266\"><\/figure>\n\n\n\n<p>Parking M &#8211; non couvert<\/p>\n<\/div>\n\n\n\n<div class=\"wp-block-group is-nowrap is-layout-flex wp-container-core-group-is-layout-ad2f72ca wp-block-group-is-layout-flex\">\n<figure class=\"wp-block-image size-full\"><img loading=\"lazy\" decoding=\"async\" width=\"24\" height=\"24\" src=\"https:\/\/www.lux-airport.lu\/wp-content\/uploads\/2023\/10\/icon-bus.png\" alt=\"\" class=\"wp-image-15257\"><\/figure>\n\n\n\n<p>Navette vers le terminal<\/p>\n<\/div>\n\n\n\n<div class=\"wp-block-buttons moreInfoButtons is-content-justification-center is-layout-flex wp-container-core-buttons-is-layout-16018d1d wp-block-buttons-is-layout-flex\">\n<div class=\"wp-block-button turquoiseButton rounded moreInfoOpen\"><a class=\"wp-block-button__link wp-element-button\">Plus d&rsquo;informations<\/a><\/div>\n\n\n\n<div class=\"wp-block-button turquoiseButton rounded moreInfoClose\"><a class=\"wp-block-button__link wp-element-button\">Fermez<\/a><\/div>\n<\/div>\n\n\n\n<div class=\"wp-block-group moreInfoContainer is-vertical is-layout-flex wp-container-core-group-is-layout-8cf370e7 wp-block-group-is-layout-flex\">\n<div class=\"wp-block-group is-nowrap is-layout-flex wp-container-core-group-is-layout-ad2f72ca wp-block-group-is-layout-flex\">\n<figure class=\"wp-block-image size-full\"><img loading=\"lazy\" decoding=\"async\" width=\"24\" height=\"24\" src=\"https:\/\/www.lux-airport.lu\/wp-content\/uploads\/2023\/10\/icon-pin.png\" alt=\"\" class=\"wp-image-15269\"><\/figure>\n\n\n\n<p><a href=\"https:\/\/cutt.ly\/pKEUr9l\" target=\"_blank\" rel=\"noreferrer noopener nofollow\">Directions vers le parking M<\/a><br><a href=\"https:\/\/www.google.com\/maps\/place\/Economy+Parking+L\/@49.6256469,6.190615,17z\/data=!3m1!4b1!4m6!3m5!1s0x479545002c5b2797:0x10a0bec46ff056ec!8m2!3d49.6256469!4d6.1931899!16s%2Fg%2F11lnnpmx5f?entry=ttu&amp;g_ep=EgoyMDI2MDMwOS4wIKXMDSoASAFQAw%3D%3D\" target=\"_blank\" rel=\"noreferrer noopener nofollow\">Directions vers le parking L<\/a><br><br><\/p>\n<\/div>\n\n\n\n<div class=\"wp-block-group is-nowrap is-layout-flex wp-container-core-group-is-layout-ad2f72ca wp-block-group-is-layout-flex\">\n<figure class=\"wp-block-image size-full\"><img loading=\"lazy\" decoding=\"async\" width=\"24\" height=\"24\" src=\"https:\/\/www.lux-airport.lu\/wp-content\/uploads\/2023\/10\/icon-calendar.png\" alt=\"\" class=\"wp-image-15260\"><\/figure>\n\n\n\n<p><a href=\"https:\/\/www.lux-airport.lu\/wp-content\/uploads\/2026\/01\/20260102_-Horaire_Navette-M-and-O-Parking-Terminal.pdf\" data-type=\"attachment\" data-id=\"17682\">Horaire de la navette Parking M<\/a><br><br><br><\/p>\n<\/div>\n<\/div>\n\n\n\n<div class=\"wp-block-group moreInfoContainer noboxshadow is-vertical is-layout-flex wp-container-core-group-is-layout-8cf370e7 wp-block-group-is-layout-flex\">\n<p><strong>Pre-booking<\/strong><\/p>\n\n\n\n<div class=\"wp-block-group is-nowrap is-layout-flex wp-container-core-group-is-layout-ad2f72ca wp-block-group-is-layout-flex\">\n<figure class=\"wp-block-image size-full\"><img loading=\"lazy\" decoding=\"async\" width=\"24\" height=\"24\" src=\"https:\/\/www.lux-airport.lu\/wp-content\/uploads\/2023\/10\/icon-sync.png\" alt=\"\" class=\"wp-image-15248\"><\/figure>\n\n\n\n<p>R\u00e9servation possible jusqu\u2019\u00e0 24 heures avant l\u2019entr\u00e9e au parking<\/p>\n<\/div>\n\n\n\n<div class=\"wp-block-group is-nowrap is-layout-flex wp-container-core-group-is-layout-ad2f72ca wp-block-group-is-layout-flex\">\n<figure class=\"wp-block-image size-full\"><img loading=\"lazy\" decoding=\"async\" width=\"24\" height=\"24\" src=\"https:\/\/www.lux-airport.lu\/wp-content\/uploads\/2023\/10\/icon-calendar.png\" alt=\"\" class=\"wp-image-15260\"><\/figure>\n\n\n\n<p>Dur\u00e9e minimale de stationnement 3 jours<\/p>\n<\/div>\n\n\n\n<div class=\"wp-block-group is-nowrap is-layout-flex wp-container-core-group-is-layout-ad2f72ca wp-block-group-is-layout-flex\">\n<figure class=\"wp-block-image size-full\"><img loading=\"lazy\" decoding=\"async\" width=\"24\" height=\"24\" src=\"https:\/\/www.lux-airport.lu\/wp-content\/uploads\/2023\/10\/icon-sync.png\" alt=\"\" class=\"wp-image-15248\"><\/figure>\n\n\n\n<p>Annulation et changement de r\u00e9servation jusqu\u2019\u00e0 6 heures avant le d\u00e9but de la r\u00e9servation<\/p>\n<\/div>\n\n\n\n<div class=\"wp-block-group is-nowrap is-layout-flex wp-container-core-group-is-layout-ad2f72ca wp-block-group-is-layout-flex\">\n<figure class=\"wp-block-image size-full\"><img loading=\"lazy\" decoding=\"async\" width=\"24\" height=\"24\" src=\"https:\/\/www.lux-airport.lu\/wp-content\/uploads\/2023\/10\/icon-alert-triangle.png\" alt=\"\" class=\"wp-image-15254\"><\/figure>\n\n\n\n<p>Diff\u00e9rents parkings \u2013 selon disponibilit\u00e9<\/p>\n<\/div>\n<\/div>\n<\/div>\n<\/div>\n\n\n\n<h2 class=\"wp-block-heading\">Se garer \u00e0 l&rsquo;a\u00e9roport de Luxembourg<\/h2>\n\n\n\n<figure class=\"wp-block-embed is-type-video is-provider-youtube wp-block-embed-youtube wp-embed-aspect-16-9 wp-has-aspect-ratio\"><div class=\"wp-block-embed__wrapper\">\n<iframe loading=\"lazy\" title=\"Se garer \u00e0 l&#039;a\u00e9roport de Luxembourg\" width=\"640\" height=\"360\" src=\"https:\/\/www.youtube.com\/embed\/k11WPuVVaps?feature=oembed\" frameborder=\"0\" allow=\"accelerometer; autoplay; clipboard-write; encrypted-media; gyroscope; picture-in-picture; web-share\" referrerpolicy=\"strict-origin-when-cross-origin\" allowfullscreen><\/iframe>\n<\/div><\/figure>\n\n\n\n<h2 class=\"wp-block-heading\">Pourquoi privil\u00e9gier le parc de stationnement de l&rsquo;a\u00e9roport de Luxembourg ?<\/h2>\n\n\n\n<p>Les parcs de stationnement de l&rsquo;a\u00e9roport de Luxembourg sont les seuls espaces de parking officiels de l&rsquo;a\u00e9roport. Ils proposent plusieurs solutions de parking \u00e0 bas prix et disposent \u00e9galement des EMPLACEMENTS LES PLUS PROCHES de l&rsquo;a\u00e9roport.<\/p>\n\n\n\n<div class=\"wp-block-columns is-layout-flex wp-container-core-columns-is-layout-9d6595d7 wp-block-columns-is-layout-flex\">\n<div class=\"wp-block-column is-layout-flow wp-block-column-is-layout-flow\"><div class=\"wp-block-image\">\n<figure class=\"aligncenter size-full is-resized\"><img loading=\"lazy\" decoding=\"async\" width=\"300\" height=\"300\" src=\"https:\/\/www.airportparking.lu\/wp-content\/uploads\/2022\/10\/Economy-Parking.png\" alt=\"Parking Economy\" class=\"wp-image-7533\" style=\"width:150px;height:150px\" srcset=\"https:\/\/www.lux-airport.lu\/wp-content\/uploads\/2022\/10\/Economy-Parking.png 300w, https:\/\/www.lux-airport.lu\/wp-content\/uploads\/2022\/10\/Economy-Parking-150x150.png 150w\" sizes=\"auto, (max-width: 300px) 100vw, 300px\" \/><\/figure>\n<\/div>\n\n\n<p class=\"has-text-align-center has-medium-font-size\"><strong><strong>\u00c9conomique<\/strong><\/strong><\/p>\n\n\n\n<p class=\"has-text-align-center\">R\u00e9servez votre place de parking au meilleur tarif dans les parkings de l&rsquo;a\u00e9roport de Luxembourg.<\/p>\n<\/div>\n\n\n\n<div class=\"wp-block-column is-layout-flow wp-block-column-is-layout-flow\"><div class=\"wp-block-image\">\n<figure class=\"aligncenter size-full is-resized\"><img loading=\"lazy\" decoding=\"async\" width=\"300\" height=\"300\" src=\"https:\/\/www.airportparking.lu\/wp-content\/uploads\/2022\/10\/Closest-Airport-Parking.png\" alt=\"Le parking le plus proche de l'a\u00e9roport\" class=\"wp-image-7536\" style=\"width:150px;height:150px\" srcset=\"https:\/\/www.lux-airport.lu\/wp-content\/uploads\/2022\/10\/Closest-Airport-Parking.png 300w, https:\/\/www.lux-airport.lu\/wp-content\/uploads\/2022\/10\/Closest-Airport-Parking-150x150.png 150w\" sizes=\"auto, (max-width: 300px) 100vw, 300px\" \/><\/figure>\n<\/div>\n\n\n<p class=\"has-text-align-center has-medium-font-size\"><strong>&nbsp; La solution de parking la plus proche de l\u2019a\u00e9roport<\/strong><\/p>\n\n\n\n<p class=\"has-text-align-center\">Stationnez \u00e0 deux minutes \u00e0 pied de l\u2019a\u00e9roport.<\/p>\n<\/div>\n\n\n\n<div class=\"wp-block-column is-layout-flow wp-block-column-is-layout-flow\"><div class=\"wp-block-image\">\n<figure class=\"aligncenter size-full is-resized\"><img loading=\"lazy\" decoding=\"async\" width=\"300\" height=\"300\" src=\"https:\/\/www.airportparking.lu\/wp-content\/uploads\/2022\/10\/Time-Saving.png\" alt=\"Gain de temps\" class=\"wp-image-7539\" style=\"width:150px;height:150px\" srcset=\"https:\/\/www.lux-airport.lu\/wp-content\/uploads\/2022\/10\/Time-Saving.png 300w, https:\/\/www.lux-airport.lu\/wp-content\/uploads\/2022\/10\/Time-Saving-150x150.png 150w\" sizes=\"auto, (max-width: 300px) 100vw, 300px\" \/><\/figure>\n<\/div>\n\n\n<p class=\"has-text-align-center has-medium-font-size\"><strong>Gain de temps<\/strong><\/p>\n\n\n\n<p class=\"has-text-align-center\">\u00c9vitez les files d&rsquo;attente aux caisses automatiques et sortez directement du parking gr\u00e2ce \u00e0 votre ticket.<\/p>\n<\/div>\n<\/div>\n\n\n\n<div class=\"wp-block-columns is-layout-flex wp-container-core-columns-is-layout-9d6595d7 wp-block-columns-is-layout-flex\">\n<div class=\"wp-block-column is-layout-flow wp-block-column-is-layout-flow\"><div class=\"wp-block-image\">\n<figure class=\"aligncenter size-full is-resized\"><img loading=\"lazy\" decoding=\"async\" width=\"300\" height=\"300\" src=\"https:\/\/www.airportparking.lu\/wp-content\/uploads\/2022\/10\/Flexible-and-adapted-to-your-needs.png\" alt=\"Flexible et adapt\u00e9 \u00e0 vos besoins\" class=\"wp-image-7594\" style=\"width:150px;height:150px\" srcset=\"https:\/\/www.lux-airport.lu\/wp-content\/uploads\/2022\/10\/Flexible-and-adapted-to-your-needs.png 300w, https:\/\/www.lux-airport.lu\/wp-content\/uploads\/2022\/10\/Flexible-and-adapted-to-your-needs-150x150.png 150w\" sizes=\"auto, (max-width: 300px) 100vw, 300px\" \/><\/figure>\n<\/div>\n\n\n<p class=\"has-text-align-center has-medium-font-size\"><strong>Flexible et adapt\u00e9 \u00e0 vos besoins<\/strong><\/p>\n\n\n\n<p class=\"has-text-align-center\">R\u00e9servez votre place de parking ou modifiez votre r\u00e9servation jusqu&rsquo;\u00e0 6 heures avant l\u2019entr\u00e9e pr\u00e9vue.<\/p>\n<\/div>\n\n\n\n<div class=\"wp-block-column is-layout-flow wp-block-column-is-layout-flow\"><div class=\"wp-block-image\">\n<figure class=\"aligncenter size-full is-resized\"><img loading=\"lazy\" decoding=\"async\" width=\"300\" height=\"300\" src=\"https:\/\/www.airportparking.lu\/wp-content\/uploads\/2022\/10\/Exclusive-online-booking-parking-spaces.png\" alt=\"R\u00e9servation de places de stationnement exclusives en ligne\" class=\"wp-image-7598\" style=\"width:150px;height:150px\" srcset=\"https:\/\/www.lux-airport.lu\/wp-content\/uploads\/2022\/10\/Exclusive-online-booking-parking-spaces.png 300w, https:\/\/www.lux-airport.lu\/wp-content\/uploads\/2022\/10\/Exclusive-online-booking-parking-spaces-150x150.png 150w\" sizes=\"auto, (max-width: 300px) 100vw, 300px\" \/><\/figure>\n<\/div>\n\n\n<p class=\"has-text-align-center has-medium-font-size\"><strong><strong>R\u00e9servez votre place de parking en ligne<\/strong><\/strong><\/p>\n\n\n\n<p class=\"has-text-align-center\">Pour toute r\u00e9servation en ligne, vous profitez en exclusivit\u00e9 des meilleures places dans nos parkings Holiday + et Economy.<\/p>\n<\/div>\n\n\n\n<div class=\"wp-block-column is-layout-flow wp-block-column-is-layout-flow\"><div class=\"wp-block-image\">\n<figure class=\"aligncenter size-full is-resized\"><img loading=\"lazy\" decoding=\"async\" width=\"300\" height=\"300\" src=\"https:\/\/www.airportparking.lu\/wp-content\/uploads\/2022\/10\/Easy-Convenient.png\" alt=\"Facile et pratique\" class=\"wp-image-7601\" style=\"width:150px;height:150px\" srcset=\"https:\/\/www.lux-airport.lu\/wp-content\/uploads\/2022\/10\/Easy-Convenient.png 300w, https:\/\/www.lux-airport.lu\/wp-content\/uploads\/2022\/10\/Easy-Convenient-150x150.png 150w\" sizes=\"auto, (max-width: 300px) 100vw, 300px\" \/><\/figure>\n<\/div>\n\n\n<p class=\"has-text-align-center has-medium-font-size\"><strong>Facile et pratique<\/strong><\/p>\n\n\n\n<p class=\"has-text-align-center\">R\u00e9servez votre place de parking en ligne. \u00c0 votre arriv\u00e9e, scannez le QR code fourni via votre smartphone ou votre r\u00e9servation imprim\u00e9e. Vous recevrez imm\u00e9diatement un ticket \u00e0 utiliser \u00e0 la sortie du parking lors de votre retour.<\/p>\n<\/div>\n<\/div>\n\n\n\n<div class=\"wp-block-columns is-layout-flex wp-container-core-columns-is-layout-9d6595d7 wp-block-columns-is-layout-flex\">\n<div class=\"wp-block-column is-layout-flow wp-block-column-is-layout-flow\"><div class=\"wp-block-image\">\n<figure class=\"aligncenter size-full is-resized\"><img loading=\"lazy\" decoding=\"async\" width=\"300\" height=\"300\" src=\"https:\/\/www.airportparking.lu\/wp-content\/uploads\/2022\/10\/Anytime-Anywhere.png\" alt=\"N'importe quand, n'importe o\u00f9.\" class=\"wp-image-7604\" style=\"width:150px;height:150px\" srcset=\"https:\/\/www.lux-airport.lu\/wp-content\/uploads\/2022\/10\/Anytime-Anywhere.png 300w, https:\/\/www.lux-airport.lu\/wp-content\/uploads\/2022\/10\/Anytime-Anywhere-150x150.png 150w\" sizes=\"auto, (max-width: 300px) 100vw, 300px\" \/><\/figure>\n<\/div>\n\n\n<p class=\"has-text-align-center has-medium-font-size\"><strong><strong>\u00c0 tout moment, o\u00f9 que vous soyez<\/strong><\/strong><\/p>\n\n\n\n<p class=\"has-text-align-center\">R\u00e9servez confortablement en ligne, \u00e0 tout moment, o\u00f9 que vous soyez et depuis tous vos appareils.<\/p>\n<\/div>\n\n\n\n<div class=\"wp-block-column is-layout-flow wp-block-column-is-layout-flow\"><div class=\"wp-block-image\">\n<figure class=\"aligncenter size-full is-resized\"><img loading=\"lazy\" decoding=\"async\" width=\"300\" height=\"300\" src=\"https:\/\/www.airportparking.lu\/wp-content\/uploads\/2022\/10\/Electric-car-charging.png\" alt=\"Installation de recharge pour les voitures \u00e9lectriques\" class=\"wp-image-7610\" style=\"width:150px;height:150px\" srcset=\"https:\/\/www.lux-airport.lu\/wp-content\/uploads\/2022\/10\/Electric-car-charging.png 300w, https:\/\/www.lux-airport.lu\/wp-content\/uploads\/2022\/10\/Electric-car-charging-150x150.png 150w\" sizes=\"auto, (max-width: 300px) 100vw, 300px\" \/><\/figure>\n<\/div>\n\n\n<p class=\"has-text-align-center has-medium-font-size\"><strong>&nbsp; <strong>Bornes de recharge pour v\u00e9hicules \u00e9lectriques<\/strong><\/strong><\/p>\n\n\n\n<p class=\"has-text-align-center\">Des emplacements d\u00e9di\u00e9s aux v\u00e9hicules \u00e9lectriques et \u00e9quip\u00e9s de bornes de recharge sont disponibles au parking A\/B, niveau -2.<\/p>\n<\/div>\n<\/div>\n\n\n\n<div class=\"wp-block-group parkingTermsContainer is-content-justification-space-between is-nowrap is-layout-flex wp-container-core-group-is-layout-0dfbf163 wp-block-group-is-layout-flex\">\n<p><a href=\"mailto:hello@airportparking.lu\" data-type=\"mailto\" data-id=\"mailto:hello@airportparking.lu\" target=\"_blank\" rel=\"noreferrer noopener\">Contactez-nous pour les questions de stationnement<\/a><\/p>\n\n\n\n<p><a href=\"https:\/\/www.lux-airport.lu\/wp-content\/uploads\/2023\/02\/Conditions-generales-Parking-2022-v12-FR-clean-1.pdf\">Conditions g\u00e9n\u00e9rales d\u2019utilisation<\/a><\/p>\n<\/div>\n\n\n\n<div style=\"height:59px\" aria-hidden=\"true\" class=\"wp-block-spacer\"><\/div>\n\n\n\n<h2 class=\"wp-block-heading\"><strong>Modifications li\u00e9es au nouveau syst\u00e8me<\/strong><\/h2>\n\n\n\n<p><strong>Modifications li\u00e9es au nouveau syst\u00e8me<\/strong><\/p>\n\n\n\n<p><strong>1) Entr\u00e9e avec plaque d\u2019immatriculation et ticket<\/strong><br><strong>2) Entr\u00e9e avec plaque d\u2019immatriculation sans ticket<\/strong><br><\/p>\n\n\n\n<p><strong>Avez-vous effectu\u00e9 votre r\u00e9servation apr\u00e8s le 14 octobre 2025 ?<\/strong><br>(nouvelle proc\u00e9dure sans ticket pour les pr\u00e9-r\u00e9servations)<br><br>Dans ce cas, la plaque d\u2019immatriculation que vous avez indiqu\u00e9e lors de votre r\u00e9servation sera automatiquement reconnue \u00e0 l\u2019entr\u00e9e du parking et la barri\u00e8re s\u2019ouvrira imm\u00e9diatement. Aucun ticket de stationnement ne sera d\u00e9livr\u00e9 \u00e0 l\u2019entr\u00e9e.<br><\/p>\n\n\n\n<p><strong>Je n\u2019ai pas re\u00e7u de ticket \u00e0 l\u2019entr\u00e9e malgr\u00e9 ma pr\u00e9-r\u00e9servation ?<\/strong><br>(nouvelle proc\u00e9dure sans ticket pour les pr\u00e9-r\u00e9servations)<br><br>Pour les r\u00e9servations effectu\u00e9es \u00e0 partir du 14 octobre 2025, nous avons mis en place une nouvelle proc\u00e9dure afin d\u2019am\u00e9liorer le service client. Vous stationnez enti\u00e8rement sans ticket avec votre r\u00e9servation de place de parking.<br><br>\u00c0 l\u2019entr\u00e9e du parking, la plaque d\u2019immatriculation que vous avez indiqu\u00e9e lors de votre r\u00e9servation est automatiquement reconnue et la barri\u00e8re s\u2019ouvre imm\u00e9diatement. Aucun ticket de stationnement ne sera d\u00e9livr\u00e9 \u00e0 l\u2019entr\u00e9e.<br><br>Si vous stationnez plus longtemps que pr\u00e9vu, il vous suffit de payer \u00e0 la borne de paiement en saisissant votre num\u00e9ro d\u2019immatriculation.<br><\/p>\n\n\n\n<p><strong>Que dois-je faire si ma plaque d\u2019immatriculation n\u2019est pas reconnue \u00e0 l\u2019entr\u00e9e du parking ?<\/strong><br>Si la plaque d\u2019immatriculation n\u2019a pas \u00e9t\u00e9 correctement lue, vous pouvez scanner votre code QR sur le terminal d\u2019entr\u00e9e, en bas \u00e0 gauche.<br>Pour les r\u00e9servations effectu\u00e9es apr\u00e8s le 14 octobre 2025, aucun ticket de stationnement ne sera d\u00e9livr\u00e9 dans ce cas non plus.<\/p>\n\n\n\n<div style=\"height:59px\" aria-hidden=\"true\" class=\"wp-block-spacer\"><\/div>\n","protected":false},"excerpt":{"rendered":"<p>Le parking officiel de&nbsp;l&rsquo;a\u00e9roport de Luxembourg Jamais vous n&rsquo;aurez \u00e9t\u00e9 gar\u00e9 aussi pr\u00e8s ! Bienvenue au parking officiel de lux-Airport. Gagnez du temps : pr\u00e9-r\u00e9servez votre stationnement en ligne pour profiter du parking Economy et de places de stationnement exclusivement en ligne. Jamais vous n\u2019aurez \u00e9t\u00e9 gar\u00e9 aussi pr\u00e8s ! Veuillez noter que nos places [&hellip;]<\/p>\n","protected":false},"author":1,"featured_media":0,"parent":6949,"menu_order":0,"comment_status":"closed","ping_status":"closed","template":"","meta":{"_acf_changed":false,"footnotes":""},"class_list":["post-7639","page","type-page","status-publish","hentry"],"acf":{"set_page_width_full":false,"start_with_small_header":false,"reno_options":{"hide_reno_widget":false,"open_widget_on_page_load":false,"which_tab_to_open":"chatbot","hide_reno_turn_onoff":false,"set_height_to_mini":false,"reno_page_branded_text_back_front":{"reno_show_branded_text":false,"reno_text_in_the_back":"JOURNEY","reno_text_in_the_front":"my journey starts here"}},"branded_text_backfront":{"hide_branded_text":false,"text_in_the_back":"PARKING","text_in_the_front_left":"My journey","text_in_the_front_right":"is smooth"},"hide_breadcrumbs":false,"hide_footer_widgets":false,"hide_page_title":false,"advertising__adsense":{"show_ads_in_this_page":true,"image_instead_of_adsense":{"enable_image_instead_of_adsense":false,"banner_image_300x250":null,"banner_url":""}},"header_image_options":{"show_header_image":"Yes","header_image":""}},"_links":{"self":[{"href":"https:\/\/www.lux-airport.lu\/fr\/wp-json\/wp\/v2\/pages\/7639","targetHints":{"allow":["GET"]}}],"collection":[{"href":"https:\/\/www.lux-airport.lu\/fr\/wp-json\/wp\/v2\/pages"}],"about":[{"href":"https:\/\/www.lux-airport.lu\/fr\/wp-json\/wp\/v2\/types\/page"}],"author":[{"embeddable":true,"href":"https:\/\/www.lux-airport.lu\/fr\/wp-json\/wp\/v2\/users\/1"}],"replies":[{"embeddable":true,"href":"https:\/\/www.lux-airport.lu\/fr\/wp-json\/wp\/v2\/comments?post=7639"}],"version-history":[{"count":0,"href":"https:\/\/www.lux-airport.lu\/fr\/wp-json\/wp\/v2\/pages\/7639\/revisions"}],"up":[{"embeddable":true,"href":"https:\/\/www.lux-airport.lu\/fr\/wp-json\/wp\/v2\/pages\/6949"}],"wp:attachment":[{"href":"https:\/\/www.lux-airport.lu\/fr\/wp-json\/wp\/v2\/media?parent=7639"}],"curies":[{"name":"wp","href":"https:\/\/api.w.org\/{rel}","templated":true}]}}