{"id":5184,"date":"2022-09-04T14:02:26","date_gmt":"2022-09-04T12:02:26","guid":{"rendered":"https:\/\/www.lux-airport.lu\/customs-security\/"},"modified":"2025-10-24T16:05:23","modified_gmt":"2025-10-24T14:05:23","slug":"surete","status":"publish","type":"page","link":"https:\/\/www.lux-airport.lu\/fr\/enregistrement-et-voyage\/surete\/","title":{"rendered":"S\u00fbret\u00e9"},"content":{"rendered":"\n<p>Pour des raisons de s\u00fbret\u00e9, le transport en cabine ou en soute de certains articles fait l\u2019objet de restrictions ou d\u2019interdictions. Informez-vous sur les <strong>mesures de s\u00fbret\u00e9 <\/strong>en vigueur \u00e0 <strong>l&rsquo;a\u00e9roport de Luxembourg<\/strong> afin de passer sans encombre les contr\u00f4les de s\u00e9curit\u00e9.<\/p>\n\n\n\n<h2 class=\"wp-block-heading\">Pr\u00e9parez-vous \u00e0 la s\u00fbret\u00e9 avec nos vid\u00e9os\u2026<\/h2>\n\n\n\n<div class=\"wp-block-columns is-layout-flex wp-container-core-columns-is-layout-9d6595d7 wp-block-columns-is-layout-flex\">\n<div class=\"wp-block-column is-layout-flow wp-block-column-is-layout-flow\">\n<figure class=\"wp-block-video\"><video height=\"1080\" style=\"aspect-ratio: 1920 \/ 1080;\" width=\"1920\" controls poster=\"https:\/\/www.lux-airport.lu\/wp-content\/uploads\/2023\/08\/Screenshot_62.png\" src=\"https:\/\/www.lux-airport.lu\/wp-content\/uploads\/2023\/08\/LXA_01253_23_Motion-Design-security-check-Version-courte.mp4\"><\/video><\/figure>\n\n\n\n<p class=\"has-medium-font-size\"><strong><em>Articles interdits et restrictions concernant les liquides<\/em><\/strong><\/p>\n<\/div>\n\n\n\n<div class=\"wp-block-column is-layout-flow wp-block-column-is-layout-flow\">\n<figure class=\"wp-block-video\"><video height=\"1080\" style=\"aspect-ratio: 1920 \/ 1080;\" width=\"1920\" controls poster=\"https:\/\/www.lux-airport.lu\/wp-content\/uploads\/2023\/08\/Screenshot_63.png\" src=\"https:\/\/www.lux-airport.lu\/wp-content\/uploads\/2023\/08\/compress-LXA_01253_23_Motion-Design-security-check_V9.mp4\"><\/video><\/figure>\n\n\n\n<p class=\"has-medium-font-size\"><strong><em><strong><em>Aper\u00e7u complet du processus de contr\u00f4le de s\u00e9curit\u00e9 \u00e0 l&rsquo;a\u00e9roport de Luxembourg<\/em><\/strong><\/em><\/strong><\/p>\n<\/div>\n\n\n\n<div class=\"wp-block-column is-layout-flow wp-block-column-is-layout-flow\">\n<figure class=\"wp-block-video\"><video height=\"1080\" style=\"aspect-ratio: 1920 \/ 1080;\" width=\"1920\" controls poster=\"https:\/\/www.lux-airport.lu\/wp-content\/uploads\/2023\/08\/Screenshot_64.png\" src=\"https:\/\/www.lux-airport.lu\/wp-content\/uploads\/2023\/07\/Summer-Smooth-Journey-Security-Snip-it-Landscape-V1-5.mp4\"><\/video><\/figure>\n\n\n\n<p class=\"has-medium-font-size\"><strong><em>Comment pr\u00e9parer votre sac \u00e0 liquides pour un voyage sans encombre ?<\/em><\/strong><\/p>\n<\/div>\n<\/div>\n\n\n\n<h2 class=\"wp-block-heading\">Objets prohib\u00e9s<\/h2>\n\n\n\n<p>La liste qui suit \u00e9num\u00e8re les articles et les objets prohib\u00e9s qui ne peuvent, en aucun cas, \u00eatre transport\u00e9s dans <strong>des bagages \u00e0 main<\/strong> \u00e0 bord de l&rsquo;avion&nbsp;:<\/p>\n\n\n\n<p><strong>Pistolets, revolvers, armes \u00e0 feu et autres dispositifs susceptibles de lancer des projectiles&nbsp;:<\/strong><\/p>\n\n\n\n<ul class=\"wp-block-list\">\n<li>armes \u00e0 feu de toutes sortes telles que pistolets, revolvers, carabines, fusils de chasse,<\/li>\n\n\n\n<li>armes-jouets, copies et imitations d\u2019armes \u00e0 feu susceptibles d\u2019\u00eatre confondues avec des armes r\u00e9elles,<\/li>\n\n\n\n<li>pi\u00e8ces d\u00e9tach\u00e9es d\u2019armes \u00e0 feu (\u00e0 l\u2019exception des dispositifs de vis\u00e9e et des lunettes t\u00e9lescopiques),<\/li>\n\n\n\n<li>pistolets et fusils \u00e0 air comprim\u00e9 et au CO2, tels que pistolets, fusils \u00e0 plomb, carabines et pistolets et fusils \u00e0 barillet,<\/li>\n\n\n\n<li>pistolets lance-fus\u00e9es et pistolets de starter,<\/li>\n\n\n\n<li>arcs, arbal\u00e8tes et fl\u00e8ches,<\/li>\n\n\n\n<li>harpons et fusils \u00e0 harpon,<\/li>\n\n\n\n<li>frondes et lance-pierres.<\/li>\n<\/ul>\n\n\n\n<p><strong>Appareils \u00e0 effet paralysant<\/strong><\/p>\n\n\n\n<ul class=\"wp-block-list\">\n<li>engins neutralisants tels que fusils assommoirs, pistolets paralysants et matraques \u00e9lectriques,<\/li>\n\n\n\n<li>assommoirs et pistolets d\u2019abattage des animaux,<\/li>\n\n\n\n<li>substances chimiques, gaz et a\u00e9rosols neutralisants et incapacitants, tels qu\u2019a\u00e9rosols \u00e0 chloroac\u00e9toph\u00e9none, a\u00e9rosols poivr\u00e9s, gaz lacrymog\u00e8ne, vaporisateurs d\u2019acide et de r\u00e9pulsif pour animaux.<\/li>\n<\/ul>\n\n\n\n<p><strong>Objets avec une pointe aigu\u00eb ou un bord coupant<\/strong><\/p>\n\n\n\n<ul class=\"wp-block-list\">\n<li>articles con\u00e7us pour hacher, tels que haches, hachettes et hachoirs,<\/li>\n\n\n\n<li>piolets et pics \u00e0 glace,<\/li>\n\n\n\n<li>lames de rasoir,<\/li>\n\n\n\n<li>cutters,<\/li>\n\n\n\n<li>couteaux dont la lame d\u00e9passe 6&nbsp;cm,<\/li>\n\n\n\n<li>ciseaux dont les lames, mesur\u00e9es \u00e0 partir de l\u2019axe, d\u00e9passent 6&nbsp;cm,<\/li>\n\n\n\n<li>\u00e9quipements d\u2019arts martiaux, pointus ou coupants,<\/li>\n\n\n\n<li>\u00e9p\u00e9es et sabres.<\/li>\n<\/ul>\n\n\n\n<p><strong>Outils de travail<\/strong><\/p>\n\n\n\n<ul class=\"wp-block-list\">\n<li>barres \u00e0 mine,<\/li>\n\n\n\n<li>perceuses et forets, y compris les perceuses \u00e9lectriques portables sans fil,<\/li>\n\n\n\n<li>outils dont la lame ou la tige d\u00e9passe 6&nbsp;cm, susceptibles d\u2019\u00eatre utilis\u00e9s comme arme, tels que tournevis et burins,<\/li>\n\n\n\n<li>scies, y compris les scies \u00e9lectriques portables sans fil,<\/li>\n\n\n\n<li>chalumeaux,<\/li>\n\n\n\n<li>pistolets de scellement et cloueuses.<\/li>\n<\/ul>\n\n\n\n<p><strong>Instruments contondants<\/strong><\/p>\n\n\n\n<ul class=\"wp-block-list\">\n<li>battes de base-ball et de soft-ball,<\/li>\n\n\n\n<li>b\u00e2tons, triques, gourdins et matraques,<\/li>\n\n\n\n<li>\u00e9quipements d\u2019arts martiaux.<\/li>\n<\/ul>\n\n\n\n<p><strong>Substances et engins explosifs ou incendiaires<\/strong><\/p>\n\n\n\n<ul class=\"wp-block-list\">\n<li>munitions,<\/li>\n\n\n\n<li>amorces,<\/li>\n\n\n\n<li>d\u00e9tonateurs et cordeaux d\u00e9tonants,<\/li>\n\n\n\n<li>mines, grenades et autres explosifs militaires,<\/li>\n\n\n\n<li>feux d\u2019artifice et autres articles pyrotechniques,<\/li>\n\n\n\n<li>bombes et cartouches fumig\u00e8nes,<\/li>\n\n\n\n<li>dynamite, poudre et explosif plastique.<\/li>\n<\/ul>\n\n\n\n<p>Tous les objets et produits \u00e9num\u00e9r\u00e9s ci-dessus (\u00e0 l&rsquo;exception des substances et engins explosifs et incendiaires) peuvent \u00eatre transport\u00e9s en soute. Toutefois, le transport en soute de mati\u00e8res dangereuses, d\u2019armes et de munitions est soumis \u00e0 des mesures et r\u00e9glementations particuli\u00e8res pour lesquelles nous vous invitons \u00e0 vous renseigner avant votre d\u00e9part aupr\u00e8s de votre compagnie a\u00e9rienne et de la Police grand-ducale.<\/p>\n\n\n\n<h2 class=\"wp-block-heading\">Liquides, a\u00e9rosols et gels (LAG) en bagages cabine<\/h2>\n\n\n\n<p>Cette section fait r\u00e9f\u00e9rence \u00e0 l\u2019ensemble des liquides, a\u00e9rosols et gels, qu\u2019il s\u2019agisse de cosm\u00e9tiques ou de produits de consommation, tels que dentifrice, lotions, contenu de r\u00e9cipients sous pression, parfums, mousse \u00e0 raser, boissons, sirops, cr\u00e8me, produits \u00e0 p\u00e2te molle et tout autre produit de consistance similaire.<\/p>\n\n\n\n<p><strong>Sont autoris\u00e9s \u00e0 \u00eatre emport\u00e9s en bagages de cabine tous les LAG plac\u00e9s dans des contenants individuels d\u2019une capacit\u00e9 maximale de 100&nbsp;millilitres ou \u00e9quivalente&nbsp;(la capacit\u00e9 du contenant doit \u00eatre indiqu\u00e9)&nbsp;<\/strong>dans un sac refermable en mati\u00e8re plastique transparent d\u2019une capacit\u00e9 ne d\u00e9passant pas 1 litre (<strong>La somme des deux c\u00f4t\u00e9s en partant du zip ne doit pas d\u00e9passer 38 cm<\/strong>, et <strong>le sac doit \u00eatre plat, c\u2019est-\u00e0-dire sans profondeur<\/strong>, ce qui garantit raisonnablement une capacit\u00e9 maximale de <strong>1 litre)<\/strong>, le contenu de ce sac devant y prendre place ais\u00e9ment et le sac devant \u00eatre compl\u00e8tement ferm\u00e9.<\/p>\n\n\n\n<p>Lors de votre passage au contr\u00f4le de s\u00fbret\u00e9, veuillez d\u00e9poser le sac plastique dans un bac avec le reste de vos effets personnels.<\/p>\n\n\n\n<p><strong>Tous conteneurs de plus de 100&nbsp;ml ne pouvant \u00eatre emport\u00e9s en bagage de cabine, nous vous prions de les placer dans votre bagage de soute.<\/strong><\/p>\n\n\n\n<p><strong>LAG achet\u00e9s en duty free \u00e0 l\u2019a\u00e9roport<\/strong><\/p>\n\n\n\n<p>Les LAGS achet\u00e9s en duty free \u00e0 l\u2019a\u00e9roport et plac\u00e9s dans un sac scell\u00e9 remis par la personne habilit\u00e9e sont autoris\u00e9s, \u00e0 condition que les sacs scell\u00e9s dans lesquels ils ont \u00e9t\u00e9 plac\u00e9s lors de l\u2019achat aient \u00e9t\u00e9 maintenus scell\u00e9s et qu\u2019une preuve d\u2019achat valable soit pr\u00e9sent\u00e9e. Veuillez noter qu\u2019il pourra vous \u00eatre demand\u00e9 d\u2019\u00f4ter les articles du sac scell\u00e9 au cours de l\u2019inspection filtrage.<\/p>\n\n\n\n<p><strong>M\u00e9dicaments liquides et aliments pour b\u00e9b\u00e9<\/strong><\/p>\n\n\n\n<p>Les liquides, a\u00e9rosols et gels destin\u00e9s \u00e0 \u00eatre utilis\u00e9s au cours du voyage et qui sont n\u00e9cessaires \u00e0 des fins m\u00e9dicales ou r\u00e9pondent \u00e0 un besoin di\u00e9t\u00e9tique particulier, tels que les aliments pour nourrissons, sont autoris\u00e9s en bagages de cabine sans obligation de pr\u00e9senter un certificat m\u00e9dical. Ils sont n\u00e9anmoins soumis \u00e0 un contr\u00f4le de s\u00fbret\u00e9 sp\u00e9cifique ; assurez-vous d\u2019avoir en votre possession les documents pertinents valides pour \u00e9viter que ces articles ne vous soient refus\u00e9s.<\/p>\n\n\n\n<h2 class=\"wp-block-heading\">Ordinateurs portables et autres appareils \u00e9lectroniques<\/h2>\n\n\n\n<p>Avant le contr\u00f4le, les ordinateurs portables, c\u00e2bles et autres appareils \u00e9lectroniques de grande taille doivent \u00eatre retir\u00e9s des bagages de cabine ou de leur sacoche afin d\u2019\u00eatre inspect\u00e9s s\u00e9par\u00e9ment.<\/p>\n\n\n\n<h2 class=\"wp-block-heading\">Ne laissez pas votre sac sans surveillance<\/h2>\n\n\n\n<p>Alors que les voyageurs sont de plus en plus nombreux \u00e0 se d\u00e9placer dans le terminal, nous aimerions prendre un moment pour vous rappeler de rester avec vos bagages \u00e0 tout moment et de ne jamais les laisser sans surveillance. Qu&rsquo;entendons-nous exactement par l\u00e0 ? Vos bagages doivent toujours \u00eatre \u00e0 port\u00e9e de vue, y compris pendant vos achats et vos pauses toilettes. Vous \u00e9viterez ainsi qu&rsquo;ils ne soient vol\u00e9s ou endommag\u00e9s et qu&rsquo;ils n&rsquo;interrompent votre voyage. Si vous voyez des bagages laiss\u00e9s sans surveillance, veuillez le signaler au membre du personnel le plus proche.<\/p>\n","protected":false},"excerpt":{"rendered":"<p>Pour des raisons de s\u00fbret\u00e9, le transport en cabine ou en soute de certains articles fait l\u2019objet de restrictions ou d\u2019interdictions. Informez-vous sur les mesures de s\u00fbret\u00e9 en vigueur \u00e0 l&rsquo;a\u00e9roport de Luxembourg afin de passer sans encombre les contr\u00f4les de s\u00e9curit\u00e9. Pr\u00e9parez-vous \u00e0 la s\u00fbret\u00e9 avec nos vid\u00e9os\u2026 Articles interdits et restrictions concernant les [&hellip;]<\/p>\n","protected":false},"author":1,"featured_media":0,"parent":6955,"menu_order":0,"comment_status":"closed","ping_status":"closed","template":"","meta":{"_acf_changed":false,"footnotes":""},"class_list":["post-5184","page","type-page","status-publish","hentry"],"acf":{"set_page_width_full":false,"start_with_small_header":false,"reno_options":{"hide_reno_widget":false,"open_widget_on_page_load":false,"which_tab_to_open":"chatbot","hide_reno_turn_onoff":false,"set_height_to_mini":false,"reno_page_branded_text_back_front":{"reno_show_branded_text":false,"reno_text_in_the_back":"JOURNEY","reno_text_in_the_front":"my journey starts here"}},"branded_text_backfront":{"hide_branded_text":false,"text_in_the_back":"JOURNEY","text_in_the_front_left":"My journey","text_in_the_front_right":"starts here"},"hide_breadcrumbs":false,"hide_footer_widgets":false,"hide_page_title":false,"advertising__adsense":{"show_ads_in_this_page":true,"image_instead_of_adsense":{"enable_image_instead_of_adsense":false,"banner_image_300x250":null,"banner_url":""}},"header_image_options":{"show_header_image":"Yes","header_image":""}},"_links":{"self":[{"href":"https:\/\/www.lux-airport.lu\/fr\/wp-json\/wp\/v2\/pages\/5184","targetHints":{"allow":["GET"]}}],"collection":[{"href":"https:\/\/www.lux-airport.lu\/fr\/wp-json\/wp\/v2\/pages"}],"about":[{"href":"https:\/\/www.lux-airport.lu\/fr\/wp-json\/wp\/v2\/types\/page"}],"author":[{"embeddable":true,"href":"https:\/\/www.lux-airport.lu\/fr\/wp-json\/wp\/v2\/users\/1"}],"replies":[{"embeddable":true,"href":"https:\/\/www.lux-airport.lu\/fr\/wp-json\/wp\/v2\/comments?post=5184"}],"version-history":[{"count":0,"href":"https:\/\/www.lux-airport.lu\/fr\/wp-json\/wp\/v2\/pages\/5184\/revisions"}],"up":[{"embeddable":true,"href":"https:\/\/www.lux-airport.lu\/fr\/wp-json\/wp\/v2\/pages\/6955"}],"wp:attachment":[{"href":"https:\/\/www.lux-airport.lu\/fr\/wp-json\/wp\/v2\/media?parent=5184"}],"curies":[{"name":"wp","href":"https:\/\/api.w.org\/{rel}","templated":true}]}}