{"id":4187,"date":"2022-08-30T23:00:44","date_gmt":"2022-08-30T21:00:44","guid":{"rendered":"https:\/\/www.lux-airport.lu\/?page_id=4187"},"modified":"2026-02-25T09:20:20","modified_gmt":"2026-02-25T08:20:20","slug":"bus","status":"publish","type":"page","link":"https:\/\/www.lux-airport.lu\/fr\/parking-transport\/bus\/","title":{"rendered":"Bus &amp; Tram"},"content":{"rendered":"\n<p>Rejoindre l&rsquo;a\u00e9roport de Luxembourg en bus &amp; tram est facile. Vous trouverez ci-dessous une liste d&rsquo;horaires, d&rsquo;itin\u00e9raires, de num\u00e9ros de bus &amp; tram et toute information utile pour acc\u00e9der sans encombre \u00e0 l\u2019a\u00e9roport. Voyagez en toute s\u00e9curit\u00e9 !<\/p>\n\n\n\n<figure class=\"wp-block-image size-full\"><img loading=\"lazy\" decoding=\"async\" width=\"2152\" height=\"1022\" src=\"https:\/\/www.lux-airport.lu\/wp-content\/uploads\/2025\/04\/luxembourg-airport-public-transport-map-1.png\" alt=\"\" class=\"wp-image-20912\" srcset=\"https:\/\/www.lux-airport.lu\/wp-content\/uploads\/2025\/04\/luxembourg-airport-public-transport-map-1.png 2152w, https:\/\/www.lux-airport.lu\/wp-content\/uploads\/2025\/04\/luxembourg-airport-public-transport-map-1-300x142.png 300w, https:\/\/www.lux-airport.lu\/wp-content\/uploads\/2025\/04\/luxembourg-airport-public-transport-map-1-1024x486.png 1024w, https:\/\/www.lux-airport.lu\/wp-content\/uploads\/2025\/04\/luxembourg-airport-public-transport-map-1-768x365.png 768w, https:\/\/www.lux-airport.lu\/wp-content\/uploads\/2025\/04\/luxembourg-airport-public-transport-map-1-1536x729.png 1536w, https:\/\/www.lux-airport.lu\/wp-content\/uploads\/2025\/04\/luxembourg-airport-public-transport-map-1-2048x973.png 2048w\" sizes=\"auto, (max-width: 2152px) 100vw, 2152px\" \/><\/figure>\n\n\n\n<p><strong>A NOTER :<\/strong><\/p>\n\n\n\n<p><em>Pour tous les bus priv\u00e9s arrivant, veuillez informer lux-Airport \u00e0 l&rsquo;avance \u00e0 l&rsquo;adresse mobility-carparking@lux-airport.lu et <a href=\"https:\/\/www.lux-airport.lu\/wp-content\/uploads\/2026\/02\/Stops-and-procedures-for-coaches-at-lux-Airport.pdf\">cliquez ici.<\/a> <\/em><\/p>\n\n\n\n<p><em>Si vous avez r\u00e9serv\u00e9 un taxi \u00e0 l&rsquo;avance, veuillez noter que la nouvelle zone de prise en charge a \u00e9t\u00e9 d\u00e9plac\u00e9e au parking C de Kiss &amp; Fly.<\/em><\/p>\n\n\n\n<h2 class=\"wp-block-heading\">Je voyage au Luxembourg<\/h2>\n\n\n\n<h3 class=\"wp-block-heading has-black-color has-text-color\">Horaires et itin\u00e9raires<\/h3>\n\n\n\n<div class=\"wp-block-columns is-layout-flex wp-container-core-columns-is-layout-9d6595d7 wp-block-columns-is-layout-flex\">\n<div class=\"wp-block-column is-layout-flow wp-block-column-is-layout-flow\">\n<p style=\"font-size:24px\"><strong>Tram<\/strong><\/p>\n\n\n\n<figure class=\"wp-block-image size-full\"><img loading=\"lazy\" decoding=\"async\" width=\"435\" height=\"126\" src=\"https:\/\/www.lux-airport.lu\/wp-content\/uploads\/2025\/03\/tram-stops.png\" alt=\"\" class=\"wp-image-20763\" srcset=\"https:\/\/www.lux-airport.lu\/wp-content\/uploads\/2025\/03\/tram-stops.png 435w, https:\/\/www.lux-airport.lu\/wp-content\/uploads\/2025\/03\/tram-stops-300x87.png 300w\" sizes=\"auto, (max-width: 435px) 100vw, 435px\" \/><\/figure>\n\n\n\n<div style=\"height:10px\" aria-hidden=\"true\" class=\"wp-block-spacer\"><\/div>\n\n\n\n<div class=\"wp-block-buttons is-content-justification-center is-layout-flex wp-container-core-buttons-is-layout-16018d1d wp-block-buttons-is-layout-flex\">\n<div class=\"wp-block-button blueButton\"><a class=\"wp-block-button__link wp-element-button\" href=\"https:\/\/www.luxtram.lu\/fr\/la-ligne\/horaires-et-frequences-de-circulation-du-tramway-2\/\" rel=\"nofollow noopener\" target=\"_blank\">CLIQUEZ POUR VOIR LES HORAIRES<\/a><\/div>\n<\/div>\n<\/div>\n\n\n\n<div class=\"wp-block-column is-layout-flow wp-block-column-is-layout-flow\">\n<p style=\"font-size:24px\"><strong>Bus 16<\/strong><\/p>\n\n\n\n<figure class=\"wp-block-image size-full\"><img loading=\"lazy\" decoding=\"async\" width=\"435\" height=\"126\" src=\"https:\/\/www.lux-airport.lu\/wp-content\/uploads\/2025\/03\/bus16-3.png\" alt=\"\" class=\"wp-image-20795\" srcset=\"https:\/\/www.lux-airport.lu\/wp-content\/uploads\/2025\/03\/bus16-3.png 435w, https:\/\/www.lux-airport.lu\/wp-content\/uploads\/2025\/03\/bus16-3-300x87.png 300w\" sizes=\"auto, (max-width: 435px) 100vw, 435px\" \/><\/figure>\n\n\n\n<div style=\"height:10px\" aria-hidden=\"true\" class=\"wp-block-spacer\"><\/div>\n\n\n\n<div class=\"wp-block-buttons is-content-justification-center is-layout-flex wp-container-core-buttons-is-layout-16018d1d wp-block-buttons-is-layout-flex\">\n<div class=\"wp-block-button blueButton\"><a class=\"wp-block-button__link wp-element-button\" href=\"https:\/\/www.mobiliteit.lu\/en\/line\/bus-16-avl-2\/\" target=\"_blank\" rel=\"noreferrer noopener nofollow\">CLIQUEZ POUR VOIR LES HORAIRES<\/a><\/div>\n<\/div>\n<\/div>\n\n\n\n<div class=\"wp-block-column is-layout-flow wp-block-column-is-layout-flow\">\n<p style=\"font-size:24px\"><strong>Bus 29<\/strong><\/p>\n\n\n\n<figure class=\"wp-block-image size-full\"><img loading=\"lazy\" decoding=\"async\" width=\"435\" height=\"126\" src=\"https:\/\/www.lux-airport.lu\/wp-content\/uploads\/2025\/04\/bus29.png\" alt=\"\" class=\"wp-image-20807\" srcset=\"https:\/\/www.lux-airport.lu\/wp-content\/uploads\/2025\/04\/bus29.png 435w, https:\/\/www.lux-airport.lu\/wp-content\/uploads\/2025\/04\/bus29-300x87.png 300w\" sizes=\"auto, (max-width: 435px) 100vw, 435px\" \/><\/figure>\n\n\n\n<div style=\"height:10px\" aria-hidden=\"true\" class=\"wp-block-spacer\"><\/div>\n\n\n\n<div class=\"wp-block-buttons is-content-justification-center is-layout-flex wp-container-core-buttons-is-layout-16018d1d wp-block-buttons-is-layout-flex\">\n<div class=\"wp-block-button blueButton\"><a class=\"wp-block-button__link wp-element-button\" href=\"https:\/\/www.mobiliteit.lu\/en\/line\/bus-29-avl-2\/\" target=\"_blank\" rel=\"noreferrer noopener nofollow\">CLIQUEZ POUR VOIR LES HORAIRES<\/a><\/div>\n<\/div>\n<\/div>\n\n\n\n<div class=\"wp-block-column is-layout-flow wp-block-column-is-layout-flow\">\n<p style=\"font-size:24px\"><strong>Bus 6<\/strong><\/p>\n\n\n\n<figure class=\"wp-block-image size-full\"><img loading=\"lazy\" decoding=\"async\" width=\"435\" height=\"126\" src=\"https:\/\/www.lux-airport.lu\/wp-content\/uploads\/2022\/11\/bus6-2.png\" alt=\"\" class=\"wp-image-7840\" srcset=\"https:\/\/www.lux-airport.lu\/wp-content\/uploads\/2022\/11\/bus6-2.png 435w, https:\/\/www.lux-airport.lu\/wp-content\/uploads\/2022\/11\/bus6-2-300x87.png 300w\" sizes=\"auto, (max-width: 435px) 100vw, 435px\" \/><\/figure>\n\n\n\n<div style=\"height:10px\" aria-hidden=\"true\" class=\"wp-block-spacer\"><\/div>\n\n\n\n<div class=\"wp-block-buttons is-content-justification-center is-layout-flex wp-container-core-buttons-is-layout-16018d1d wp-block-buttons-is-layout-flex\">\n<div class=\"wp-block-button blueButton\"><a class=\"wp-block-button__link wp-element-button\" href=\"https:\/\/www.mobiliteit.lu\/en\/line\/bus-6-avl-2\/\" target=\"_blank\" rel=\"noreferrer noopener nofollow\">CLIQUEZ POUR VOIR LES HORAIRES<\/a><\/div>\n<\/div>\n<\/div>\n<\/div>\n\n\n\n<h2 class=\"wp-block-heading liveBusScheduleItem\">Aller en ville<\/h2>\n\n\n\n<div class=\"wp-block-columns linesFromTheAirport liveBusScheduleItem is-layout-flex wp-container-core-columns-is-layout-9d6595d7 wp-block-columns-is-layout-flex\">\n<div class=\"wp-block-column lineT1toTheCity is-layout-flow wp-block-column-is-layout-flow\">\n<div class=\"wp-block-group is-content-justification-space-between is-nowrap is-layout-flex wp-container-core-group-is-layout-0dfbf163 wp-block-group-is-layout-flex\">\n<p style=\"font-size:24px\">Tram vers la ville<\/p>\n\n\n\n<p class=\"busScheduleLive has-white-color has-text-color has-background\" style=\"background-color:#df2b32\">Live<\/p>\n<\/div>\n<\/div>\n\n\n\n<div class=\"wp-block-column line16toTheCity is-layout-flow wp-block-column-is-layout-flow\">\n<div class=\"wp-block-group is-content-justification-space-between is-nowrap is-layout-flex wp-container-core-group-is-layout-0dfbf163 wp-block-group-is-layout-flex\">\n<p style=\"font-size:24px\">Bus 16 vers la ville<\/p>\n\n\n\n<p class=\"busScheduleLive has-white-color has-text-color has-background\" style=\"background-color:#df2b32\">Live<\/p>\n<\/div>\n<\/div>\n\n\n\n<div class=\"wp-block-column line29toTheCity is-layout-flow wp-block-column-is-layout-flow\">\n<div class=\"wp-block-group is-content-justification-space-between is-nowrap is-layout-flex wp-container-core-group-is-layout-0dfbf163 wp-block-group-is-layout-flex\">\n<p style=\"font-size:24px\">Bus 29 vers la ville<\/p>\n\n\n\n<p class=\"busScheduleLive has-white-color has-text-color has-background\" style=\"background-color:#df2b32\">Live<\/p>\n<\/div>\n<\/div>\n\n\n\n<div class=\"wp-block-column line6toTheCity is-layout-flow wp-block-column-is-layout-flow\">\n<div class=\"wp-block-group is-content-justification-space-between is-nowrap is-layout-flex wp-container-core-group-is-layout-0dfbf163 wp-block-group-is-layout-flex\">\n<p style=\"font-size:24px\">Bus 6 vers la ville<\/p>\n\n\n\n<p class=\"busScheduleLive has-white-color has-text-color has-background\" style=\"background-color:#df2b32\">Live<\/p>\n<\/div>\n<\/div>\n<\/div>\n\n\n\n<h2 class=\"wp-block-heading liveBusScheduleItem\">Aller \u00e0 l&rsquo;a\u00e9roport<\/h2>\n\n\n\n<div class=\"wp-block-columns linesToTheAirport liveBusScheduleItem is-layout-flex wp-container-core-columns-is-layout-9d6595d7 wp-block-columns-is-layout-flex\">\n<div class=\"wp-block-column lineT1toTheAirport is-layout-flow wp-block-column-is-layout-flow\">\n<div class=\"wp-block-group is-content-justification-space-between is-nowrap is-layout-flex wp-container-core-group-is-layout-0dfbf163 wp-block-group-is-layout-flex\">\n<p style=\"font-size:24px\">Tram vers l&rsquo;a\u00e9roport<\/p>\n\n\n\n<p class=\"busScheduleLive has-white-color has-text-color has-background\" style=\"background-color:#df2b32\">Live<\/p>\n<\/div>\n<\/div>\n\n\n\n<div class=\"wp-block-column line16toTheAirport is-layout-flow wp-block-column-is-layout-flow\">\n<div class=\"wp-block-group is-content-justification-space-between is-nowrap is-layout-flex wp-container-core-group-is-layout-0dfbf163 wp-block-group-is-layout-flex\">\n<p style=\"font-size:24px\">Bus 16 vers l&rsquo;a\u00e9roport<\/p>\n\n\n\n<p class=\"busScheduleLive has-white-color has-text-color has-background\" style=\"background-color:#df2b32\">Live<\/p>\n<\/div>\n<\/div>\n\n\n\n<div class=\"wp-block-column line29toTheAirport is-layout-flow wp-block-column-is-layout-flow\">\n<div class=\"wp-block-group is-content-justification-space-between is-nowrap is-layout-flex wp-container-core-group-is-layout-0dfbf163 wp-block-group-is-layout-flex\">\n<p style=\"font-size:24px\">Bus 29 vers l&rsquo;a\u00e9roport<\/p>\n\n\n\n<p class=\"busScheduleLive has-white-color has-text-color has-background\" style=\"background-color:#df2b32\">Live<\/p>\n<\/div>\n<\/div>\n\n\n\n<div class=\"wp-block-column line6toTheAirport is-layout-flow wp-block-column-is-layout-flow\">\n<div class=\"wp-block-group is-content-justification-space-between is-nowrap is-layout-flex wp-container-core-group-is-layout-0dfbf163 wp-block-group-is-layout-flex\">\n<p style=\"font-size:24px\">Bus 6 vers l&rsquo;a\u00e9roport<\/p>\n\n\n\n<p class=\"busScheduleLive has-white-color has-text-color has-background\" style=\"background-color:#df2b32\">Live<\/p>\n<\/div>\n<\/div>\n<\/div>\n\n\n\n<p>Toutes les donn\u00e9es de cette page sont mises \u00e0 disposition par Mobiliteit.lu. lux-Airport se d\u00e9gage de toute responsabilit\u00e9 quant \u00e0 l&rsquo;exactitude des donn\u00e9es figurant sur ce site.<\/p>\n\n\n\n<div class=\"wp-block-columns is-layout-flex wp-container-core-columns-is-layout-9d6595d7 wp-block-columns-is-layout-flex\">\n<div class=\"wp-block-column is-layout-flow wp-block-column-is-layout-flow\" style=\"flex-basis:33.33%\">\n<h2 class=\"wp-block-heading\">Vous ne savez pas comment vous rendre du point A au point B ?<\/h2>\n\n\n\n<p>Pour les d\u00e9placements \u00e0 l&rsquo;int\u00e9rieur du Luxembourg, essayez d&rsquo;utiliser<strong> <a href=\"https:\/\/www.mobiliteit.lu\/fr\/\" target=\"_blank\" rel=\"noreferrer noopener nofollow\">le guide officiel des transports publics de Mobiliteit.<\/a><\/strong><\/p>\n\n\n\n<p>Pour les trajets au d\u00e9part du Luxembourg, utilisez <a href=\"https:\/\/www.cfl.lu\/\" target=\"_blank\" rel=\"noreferrer noopener nofollow\"><strong>le guide ferroviaire du CFL.<\/strong><\/a><\/p>\n\n\n\n<p>Et ce n&rsquo;est pas tout ! Les transports en commun \u00e0 Luxembourg sont gratuits depuis le premier mars 2020 (sauf en premi\u00e8re classe).<\/p>\n<\/div>\n\n\n\n<div class=\"wp-block-column is-layout-flow wp-block-column-is-layout-flow\" style=\"flex-basis:66.66%\">\n<div class=\"wp-block-columns is-layout-flex wp-container-core-columns-is-layout-9d6595d7 wp-block-columns-is-layout-flex\">\n<div class=\"wp-block-column is-layout-flow wp-block-column-is-layout-flow\"><div class=\"wp-block-image\">\n<figure class=\"aligncenter size-full is-resized\"><a href=\"https:\/\/www.mobiliteit.lu\/fr\/\" target=\"_blank\" rel=\"noreferrer noopener nofollow\"><img loading=\"lazy\" decoding=\"async\" width=\"590\" height=\"748\" src=\"https:\/\/www.lux-airport.lu\/wp-content\/uploads\/2023\/07\/fr-mobilitat-2.png\" alt=\"\" class=\"wp-image-14406\" style=\"width:362px;height:458px\" srcset=\"https:\/\/www.lux-airport.lu\/wp-content\/uploads\/2023\/07\/fr-mobilitat-2.png 590w, https:\/\/www.lux-airport.lu\/wp-content\/uploads\/2023\/07\/fr-mobilitat-2-237x300.png 237w\" sizes=\"auto, (max-width: 590px) 100vw, 590px\" \/><\/a><\/figure>\n<\/div><\/div>\n\n\n\n<div class=\"wp-block-column is-layout-flow wp-block-column-is-layout-flow\"><div class=\"wp-block-image\">\n<figure class=\"aligncenter size-full is-resized\"><a href=\"https:\/\/www.cfl.lu\/\" target=\"_blank\" rel=\"noreferrer noopener nofollow\"><img loading=\"lazy\" decoding=\"async\" width=\"950\" height=\"505\" src=\"https:\/\/www.lux-airport.lu\/wp-content\/uploads\/2023\/07\/cfl-fr.png\" alt=\"\" class=\"wp-image-14415\" style=\"width:849px;height:450px\" srcset=\"https:\/\/www.lux-airport.lu\/wp-content\/uploads\/2023\/07\/cfl-fr.png 950w, https:\/\/www.lux-airport.lu\/wp-content\/uploads\/2023\/07\/cfl-fr-300x159.png 300w, https:\/\/www.lux-airport.lu\/wp-content\/uploads\/2023\/07\/cfl-fr-768x408.png 768w\" sizes=\"auto, (max-width: 950px) 100vw, 950px\" \/><\/a><\/figure>\n<\/div><\/div>\n<\/div>\n<\/div>\n<\/div>\n\n\n\n<h2 class=\"wp-block-heading\">Je voyage depuis ou vers la France, la Belgique ou l&rsquo;Allemagne.<\/h2>\n\n\n\n<h3 class=\"wp-block-heading has-black-color has-text-color\">Bus r\u00e9gional<\/h3>\n\n\n\n<p style=\"font-size:24px\"><strong>Bus 302<\/strong><\/p>\n\n\n\n<div class=\"wp-block-columns is-layout-flex wp-container-core-columns-is-layout-9d6595d7 wp-block-columns-is-layout-flex\">\n<div class=\"wp-block-column is-vertically-aligned-top is-layout-flow wp-block-column-is-layout-flow\">\n<figure class=\"wp-block-image size-full\"><img loading=\"lazy\" decoding=\"async\" width=\"600\" height=\"130\" src=\"https:\/\/www.lux-airport.lu\/wp-content\/uploads\/2022\/11\/bus302.png\" alt=\"\" class=\"wp-image-7872\" srcset=\"https:\/\/www.lux-airport.lu\/wp-content\/uploads\/2022\/11\/bus302.png 600w, https:\/\/www.lux-airport.lu\/wp-content\/uploads\/2022\/11\/bus302-300x65.png 300w\" sizes=\"auto, (max-width: 600px) 100vw, 600px\" \/><\/figure>\n\n\n\n<div style=\"height:60px\" aria-hidden=\"true\" class=\"wp-block-spacer\"><\/div>\n\n\n\n<div class=\"wp-block-buttons is-content-justification-center is-layout-flex wp-container-core-buttons-is-layout-16018d1d wp-block-buttons-is-layout-flex\">\n<div class=\"wp-block-button blueButton\"><a class=\"wp-block-button__link wp-element-button\" href=\"https:\/\/www.mobiliteit.lu\/en\/line\/bus-302-rgtr-2\/\" target=\"_blank\" rel=\"noreferrer noopener nofollow\">CLIQUEZ POUR VOIR LES HORAIRES<\/a><\/div>\n<\/div>\n<\/div>\n\n\n\n<div class=\"wp-block-column is-vertically-aligned-top is-layout-flow wp-block-column-is-layout-flow\">\n<p><strong>Tarifs <\/strong>: La gratuit\u00e9 des transports publics s&rsquo;arr\u00eate \u00e0 la fronti\u00e8re. Vous devez donc vous procurer un abonnement ou un billet transfrontalier si vous envisagez de voyager en dehors du territoire luxembourgeois. <a href=\"https:\/\/www.mobiliteit.lu\/fr\/billets\/billets-transfrontaliers\/\" target=\"_blank\" data-type=\"URL\" data-id=\"https:\/\/www.mobiliteit.lu\/fr\/billets\/billets-transfrontaliers\/\" rel=\"noreferrer noopener nofollow\">Cliquez ici pour en savoir plus.<\/a><\/p>\n<\/div>\n<\/div>\n","protected":false},"excerpt":{"rendered":"<p>Rejoindre l&rsquo;a\u00e9roport de Luxembourg en bus &amp; tram est facile. Vous trouverez ci-dessous une liste d&rsquo;horaires, d&rsquo;itin\u00e9raires, de num\u00e9ros de bus &amp; tram et toute information utile pour acc\u00e9der sans encombre \u00e0 l\u2019a\u00e9roport. Voyagez en toute s\u00e9curit\u00e9 ! A NOTER : Pour tous les bus priv\u00e9s arrivant, veuillez informer lux-Airport \u00e0 l&rsquo;avance \u00e0 l&rsquo;adresse mobility-carparking@lux-airport.lu [&hellip;]<\/p>\n","protected":false},"author":1,"featured_media":0,"parent":6949,"menu_order":0,"comment_status":"closed","ping_status":"closed","template":"","meta":{"_acf_changed":false,"footnotes":""},"class_list":["post-4187","page","type-page","status-publish","hentry"],"acf":{"set_page_width_full":false,"start_with_small_header":false,"reno_options":{"hide_reno_widget":false,"open_widget_on_page_load":false,"which_tab_to_open":"chatbot","hide_reno_turn_onoff":false,"set_height_to_mini":false,"reno_page_branded_text_back_front":{"reno_show_branded_text":false,"reno_text_in_the_back":"JOURNEY","reno_text_in_the_front":"my journey starts here"}},"branded_text_backfront":{"hide_branded_text":false,"text_in_the_back":"PUBLIC TRANSPORT","text_in_the_front_left":"My journey","text_in_the_front_right":"is a free ride"},"hide_breadcrumbs":false,"hide_footer_widgets":false,"hide_page_title":false,"advertising__adsense":{"show_ads_in_this_page":true,"image_instead_of_adsense":{"enable_image_instead_of_adsense":false,"banner_image_300x250":null,"banner_url":""}},"header_image_options":{"show_header_image":"Yes","header_image":""}},"_links":{"self":[{"href":"https:\/\/www.lux-airport.lu\/fr\/wp-json\/wp\/v2\/pages\/4187","targetHints":{"allow":["GET"]}}],"collection":[{"href":"https:\/\/www.lux-airport.lu\/fr\/wp-json\/wp\/v2\/pages"}],"about":[{"href":"https:\/\/www.lux-airport.lu\/fr\/wp-json\/wp\/v2\/types\/page"}],"author":[{"embeddable":true,"href":"https:\/\/www.lux-airport.lu\/fr\/wp-json\/wp\/v2\/users\/1"}],"replies":[{"embeddable":true,"href":"https:\/\/www.lux-airport.lu\/fr\/wp-json\/wp\/v2\/comments?post=4187"}],"version-history":[{"count":0,"href":"https:\/\/www.lux-airport.lu\/fr\/wp-json\/wp\/v2\/pages\/4187\/revisions"}],"up":[{"embeddable":true,"href":"https:\/\/www.lux-airport.lu\/fr\/wp-json\/wp\/v2\/pages\/6949"}],"wp:attachment":[{"href":"https:\/\/www.lux-airport.lu\/fr\/wp-json\/wp\/v2\/media?parent=4187"}],"curies":[{"name":"wp","href":"https:\/\/api.w.org\/{rel}","templated":true}]}}