{"id":353,"date":"2022-08-06T13:58:25","date_gmt":"2022-08-06T11:58:25","guid":{"rendered":"https:\/\/www.lux-airport.lu\/?page_id=353"},"modified":"2025-12-04T23:08:51","modified_gmt":"2025-12-04T22:08:51","slug":"aeroport-de-luxembourg","status":"publish","type":"page","link":"https:\/\/www.lux-airport.lu\/fr\/","title":{"rendered":"A\u00e9roport de Luxembourg"},"content":{"rendered":"\n<div class=\"wp-block-group latestNewsHeader backgroundPrimary backFrontTextContainer is-content-justification-center is-nowrap is-layout-flex wp-container-core-group-is-layout-94bc23d7 wp-block-group-is-layout-flex\">\n<p class=\"backText colorSecondary opacity1\">Derni\u00e8res<\/p>\n\n\n\n<p class=\"frontText colorWhite\">Nouvelles<\/p>\n<\/div>\n\n\n\n<div class=\"wp-block-columns latestNewsContainer backgroundPrimary colorWhite is-layout-flex wp-container-core-columns-is-layout-9d6595d7 wp-block-columns-is-layout-flex\">\n<div class=\"wp-block-column is-vertically-aligned-center is-layout-flow wp-block-column-is-layout-flow\"><style>.kb-posts-id-353_69f840-1c .kb-post-list-item{display:grid;}<\/style><ul class=\"wp-block-kadence-posts kb-posts kadence-posts-list kb-posts-id-353_69f840-1c content-wrap grid-cols kb-posts-style-unboxed grid-sm-col-3 grid-lg-col-3 item-image-style-above  latestNewsArticles\"><li class=\"kb-post-list-item\">\n\t<article class=\"entry content-bg loop-entry kb-post-no-image post-23668 post type-post status-publish format-standard hentry category-communiques-de-presse category-les-actualites category-nachrichten category-pressemitteilungen\">\n\t\t\t\t<div class=\"entry-content-wrap\">\n\t\t\t<header class=\"entry-header\">\n\t<h2 class=\"entry-title\"><a href=\"https:\/\/www.lux-airport.lu\/fr\/luxair-et-lux-airport-confirment-les-resultats-positifs-du-test-de-preparation-des-departs-tot-le-matin-a-laeroport-de-luxembourg\/\" rel=\"bookmark\">Luxair et lux-Airport confirment les r\u00e9sultats positifs du test de pr\u00e9paration des d\u00e9parts t\u00f4t le matin \u00e0 l\u2019a\u00e9roport de Luxembourg<\/a><\/h2>\t<div class=\"entry-meta entry-meta-divider-dot\">\n\t\t\t\t<span class=\"updated-on\">\n\t\t\t\t<time class=\"entry-date published updated\" datetime=\"2026-02-09T10:29:50+01:00\">9 f\u00e9vrier 2026<\/time>\t\t\t<\/span>\n\t\t\t\t<\/div><!-- .entry-meta -->\n\t<\/header><!-- .entry-header -->\n<footer class=\"entry-footer\">\n\t<\/footer><!-- .entry-footer -->\t\t<\/div>\n\t<\/article>\n<\/li>\n<li class=\"kb-post-list-item\">\n\t<article class=\"entry content-bg loop-entry kb-post-no-image post-23621 post type-post status-publish format-standard hentry category-communiques-de-presse category-les-actualites\">\n\t\t\t\t<div class=\"entry-content-wrap\">\n\t\t\t<header class=\"entry-header\">\n\t<h2 class=\"entry-title\"><a href=\"https:\/\/www.lux-airport.lu\/fr\/etihad-airways-to-launch-direct-flights-between-luxembourg-and-abu-dhabi\/\" rel=\"bookmark\">Etihad Airways  devient la premi\u00e8re compagnie a\u00e9rienne du Moyen-Orient \u00e0 desservir Luxembourg<\/a><\/h2>\t<div class=\"entry-meta entry-meta-divider-dot\">\n\t\t\t\t<span class=\"updated-on\">\n\t\t\t\t<time class=\"entry-date published updated\" datetime=\"2026-01-09T17:53:27+01:00\">9 janvier 2026<\/time>\t\t\t<\/span>\n\t\t\t\t<\/div><!-- .entry-meta -->\n\t<\/header><!-- .entry-header -->\n<footer class=\"entry-footer\">\n\t<\/footer><!-- .entry-footer -->\t\t<\/div>\n\t<\/article>\n<\/li>\n<li class=\"kb-post-list-item\">\n\t<article class=\"entry content-bg loop-entry kb-post-no-image post-23617 post type-post status-publish format-standard hentry category-communiques-de-presse category-les-actualites\">\n\t\t\t\t<div class=\"entry-content-wrap\">\n\t\t\t<header class=\"entry-header\">\n\t<h2 class=\"entry-title\"><a href=\"https:\/\/www.lux-airport.lu\/fr\/%e2%9d%84%ef%b8%8f-winter-conditions-at-luxembourg-airport\/\" rel=\"bookmark\">\u2744\ufe0f Winter conditions at Luxembourg Airport<\/a><\/h2>\t<div class=\"entry-meta entry-meta-divider-dot\">\n\t\t\t\t<span class=\"updated-on\">\n\t\t\t\t<time class=\"entry-date published updated\" datetime=\"2026-01-09T17:33:48+01:00\">9 janvier 2026<\/time>\t\t\t<\/span>\n\t\t\t\t<\/div><!-- .entry-meta -->\n\t<\/header><!-- .entry-header -->\n<footer class=\"entry-footer\">\n\t<\/footer><!-- .entry-footer -->\t\t<\/div>\n\t<\/article>\n<\/li>\n<\/ul><\/div>\n\n\n\n<div class=\"wp-block-column is-vertically-aligned-bottom is-layout-flow wp-block-column-is-layout-flow\" style=\"flex-basis:100px\">\n<div class=\"wp-block-group latestNewsAllNews is-content-justification-center is-nowrap is-layout-flex wp-container-core-group-is-layout-94bc23d7 wp-block-group-is-layout-flex\">\n<p class=\"has-text-align-center\"><a href=\"https:\/\/www.lux-airport.lu\/les-actualites\/\" data-type=\"category\" data-id=\"1\"><a href=\"https:\/\/www.lux-airport.lu\/les-actualites\/\">TOUTES LES NOUVELLES<\/a><\/a><\/p>\n\n\n\n<p class=\"arrow25 arrow25right arrow25white\"><\/p>\n<\/div>\n<\/div>\n<\/div>\n\n\n\n<div class=\"wp-block-columns is-layout-flex wp-container-core-columns-is-layout-9d6595d7 wp-block-columns-is-layout-flex\">\n<div class=\"wp-block-column promotionsGalleryContainer is-layout-flow wp-block-column-is-layout-flow\" style=\"flex-basis:33.33%\">\n<figure class=\"wp-block-gallery has-nested-images columns-4 is-cropped promotionsGallery wp-block-gallery-1 is-layout-flex wp-block-gallery-is-layout-flex\">\n<figure class=\"wp-block-image size-large\"><img loading=\"lazy\" decoding=\"async\" width=\"572\" height=\"1024\" data-id=\"23482\" src=\"https:\/\/www.lux-airport.lu\/wp-content\/uploads\/2025\/12\/explore-our-destinations-french-1-2-572x1024.png\" alt=\"\" class=\"wp-image-23482\" srcset=\"https:\/\/www.lux-airport.lu\/wp-content\/uploads\/2025\/12\/explore-our-destinations-french-1-2-572x1024.png 572w, https:\/\/www.lux-airport.lu\/wp-content\/uploads\/2025\/12\/explore-our-destinations-french-1-2-167x300.png 167w, https:\/\/www.lux-airport.lu\/wp-content\/uploads\/2025\/12\/explore-our-destinations-french-1-2.png 768w\" sizes=\"auto, (max-width: 572px) 100vw, 572px\" \/><\/figure>\n<\/figure>\n<\/div>\n\n\n\n<div class=\"wp-block-column is-layout-flow wp-block-column-is-layout-flow\" style=\"flex-basis:66.66%\">\n<div class=\"wp-block-columns airportFacts is-layout-flex wp-container-core-columns-is-layout-9d6595d7 wp-block-columns-is-layout-flex\">\n<div class=\"wp-block-column is-layout-flow wp-block-column-is-layout-flow\">\n<div class=\"wp-block-group backFrontTextContainer is-content-justification-center is-nowrap is-layout-flex wp-container-core-group-is-layout-94bc23d7 wp-block-group-is-layout-flex\">\n<p class=\"backText colorSecondary\"><a href=\"https:\/\/www.lux-airport.lu\/fr\/vols\/destinations-directes-depuis-luxembourg\/\">DESTINATIONS<\/a><\/p>\n\n\n\n<p class=\"frontText colorTertiary\">&gt;100<\/p>\n<\/div>\n\n\n\n<p class=\"has-text-align-center airportAfterFact\">\u00e0 choisir, destinations non-stop<\/p>\n<\/div>\n\n\n\n<div class=\"wp-block-column is-layout-flow wp-block-column-is-layout-flow\">\n<div class=\"wp-block-group backFrontTextContainer is-content-justification-center is-nowrap is-layout-flex wp-container-core-group-is-layout-94bc23d7 wp-block-group-is-layout-flex\">\n<p class=\"backText colorSecondary\"><a href=\"https:\/\/www.lux-airport.lu\/fr\/vols\/compagnies-aeriennes\/\">COMPAGNIES A\u00c9RIENNES<\/a><\/p>\n\n\n\n<p class=\"frontText  colorTertiary\">14<\/p>\n<\/div>\n\n\n\n<p class=\"has-text-align-center airportAfterFact\">pour choisir votre vol pr\u00e9f\u00e9r\u00e9<\/p>\n<\/div>\n\n\n\n<div class=\"wp-block-column is-layout-flow wp-block-column-is-layout-flow\">\n<div class=\"wp-block-group backFrontTextContainer is-content-justification-center is-nowrap is-layout-flex wp-container-core-group-is-layout-94bc23d7 wp-block-group-is-layout-flex\">\n<p class=\"backText colorSecondary\"><a href=\"https:\/\/www.lux-airport.lu\/fr\/entreprise\/notre-engagement\/environnement-et-durabilite\/\" data-type=\"page\" data-id=\"8931\">NEUTRE<\/a><\/p>\n\n\n\n<p class=\"frontText  colorTertiary\">CO<sub>2<\/sub><\/p>\n<\/div>\n\n\n\n<p class=\"has-text-align-center airportAfterFact\">certifi\u00e9 par ACI<\/p>\n<\/div>\n<\/div>\n\n\n\n<h2 class=\"wp-block-heading has-text-align-center colorPrimary\">Pendant que vous attendez\u2026<\/h2>\n\n\n<style>.kb-posts-id-353_683118-2c .kb-post-list-item{display:grid;}<\/style><ul class=\"wp-block-kadence-posts kb-posts kadence-posts-list kb-posts-id-353_683118-2c content-wrap grid-cols kb-posts-style-unboxed grid-sm-col-3 grid-lg-col-3 item-image-style-above  promotionsArticles\"><li class=\"kb-post-list-item\">\n\t<article class=\"entry content-bg loop-entry kb-post-no-image post-23048 post type-post status-publish format-standard hentry category-les-actualites category-les-promotions-du-moment\">\n\t\t\t\t<div class=\"entry-content-wrap\">\n\t\t\t<header class=\"entry-header\">\n\t<h2 class=\"entry-title\"><a href=\"https:\/\/www.lux-airport.lu\/fr\/progressive-launch-of-the-eu-entry-exit-system-ees-starting-12-october-2025\/\" rel=\"bookmark\">Lancement progressif du syst\u00e8me d\u2019entr\u00e9e\/sortie (EES) de l\u2019UE \u00e0 partir du 12 octobre 2025<\/a><\/h2>\t<div class=\"entry-meta entry-meta-divider-dot\">\n\t\t\t\t<span class=\"updated-on\">\n\t\t\t\t<time class=\"entry-date published updated\" datetime=\"2025-10-09T16:49:20+02:00\">9 octobre 2025<\/time>\t\t\t<\/span>\n\t\t\t\t<\/div><!-- .entry-meta -->\n\t<\/header><!-- .entry-header -->\n<footer class=\"entry-footer\">\n\t\t\t<div class=\"entry-actions\">\n\t\t\t<p class=\"more-link-wrap\">\n\t\t\t\t<a href=\"https:\/\/www.lux-airport.lu\/fr\/progressive-launch-of-the-eu-entry-exit-system-ees-starting-12-october-2025\/\" class=\"post-more-link\">\n\t\t\t\t\tLire la suite<span class=\"screen-reader-text\"> Lancement progressif du syst\u00e8me d\u2019entr\u00e9e\/sortie (EES) de l\u2019UE \u00e0 partir du 12 octobre 2025<\/span><span class=\"kadence-svg-iconset svg-baseline\"><svg aria-hidden=\"true\" class=\"kadence-svg-icon kadence-arrow-right-alt-svg\" fill=\"currentColor\" version=\"1.1\" xmlns=\"http:\/\/www.w3.org\/2000\/svg\" width=\"27\" height=\"28\" viewBox=\"0 0 27 28\"><title>Continuer<\/title><path d=\"M27 13.953c0 0.141-0.063 0.281-0.156 0.375l-6 5.531c-0.156 0.141-0.359 0.172-0.547 0.094-0.172-0.078-0.297-0.25-0.297-0.453v-3.5h-19.5c-0.281 0-0.5-0.219-0.5-0.5v-3c0-0.281 0.219-0.5 0.5-0.5h19.5v-3.5c0-0.203 0.109-0.375 0.297-0.453s0.391-0.047 0.547 0.078l6 5.469c0.094 0.094 0.156 0.219 0.156 0.359v0z\"><\/path>\n\t\t\t<\/svg><\/span>\t\t\t\t<\/a>\n\t\t\t<\/p>\n\t\t<\/div><!-- .entry-actions -->\n\t\t<\/footer><!-- .entry-footer -->\t\t<\/div>\n\t<\/article>\n<\/li>\n<li class=\"kb-post-list-item\">\n\t<article class=\"entry content-bg loop-entry kb-post-no-image post-22593 post type-post status-publish format-standard hentry category-communiques-de-presse category-les-actualites category-les-promotions-du-moment\">\n\t\t\t\t<div class=\"entry-content-wrap\">\n\t\t\t<header class=\"entry-header\">\n\t<h2 class=\"entry-title\"><a href=\"https:\/\/www.lux-airport.lu\/fr\/one-year-of-plane-spotters-afterwork-a-special-anniversary-edition\/\" rel=\"bookmark\">One Year of Plane Spotters Afterwork \u2013 A Special Anniversary Edition<\/a><\/h2>\t<div class=\"entry-meta entry-meta-divider-dot\">\n\t\t\t\t<span class=\"updated-on\">\n\t\t\t\t<time class=\"entry-date published updated\" datetime=\"2025-12-01T17:51:47+01:00\">1 d\u00e9cembre 2025<\/time>\t\t\t<\/span>\n\t\t\t\t<\/div><!-- .entry-meta -->\n\t<\/header><!-- .entry-header -->\n<footer class=\"entry-footer\">\n\t\t\t<div class=\"entry-actions\">\n\t\t\t<p class=\"more-link-wrap\">\n\t\t\t\t<a href=\"https:\/\/www.lux-airport.lu\/fr\/one-year-of-plane-spotters-afterwork-a-special-anniversary-edition\/\" class=\"post-more-link\">\n\t\t\t\t\tLire la suite<span class=\"screen-reader-text\"> One Year of Plane Spotters Afterwork \u2013 A Special Anniversary Edition<\/span><span class=\"kadence-svg-iconset svg-baseline\"><svg aria-hidden=\"true\" class=\"kadence-svg-icon kadence-arrow-right-alt-svg\" fill=\"currentColor\" version=\"1.1\" xmlns=\"http:\/\/www.w3.org\/2000\/svg\" width=\"27\" height=\"28\" viewBox=\"0 0 27 28\"><title>Continuer<\/title><path d=\"M27 13.953c0 0.141-0.063 0.281-0.156 0.375l-6 5.531c-0.156 0.141-0.359 0.172-0.547 0.094-0.172-0.078-0.297-0.25-0.297-0.453v-3.5h-19.5c-0.281 0-0.5-0.219-0.5-0.5v-3c0-0.281 0.219-0.5 0.5-0.5h19.5v-3.5c0-0.203 0.109-0.375 0.297-0.453s0.391-0.047 0.547 0.078l6 5.469c0.094 0.094 0.156 0.219 0.156 0.359v0z\"><\/path>\n\t\t\t<\/svg><\/span>\t\t\t\t<\/a>\n\t\t\t<\/p>\n\t\t<\/div><!-- .entry-actions -->\n\t\t<\/footer><!-- .entry-footer -->\t\t<\/div>\n\t<\/article>\n<\/li>\n<li class=\"kb-post-list-item\">\n\t<article class=\"entry content-bg loop-entry kb-post-no-image post-18753 post type-post status-publish format-standard hentry category-communiques-de-presse category-les-actualites category-les-promotions-du-moment\">\n\t\t\t\t<div class=\"entry-content-wrap\">\n\t\t\t<header class=\"entry-header\">\n\t<h2 class=\"entry-title\"><a href=\"https:\/\/www.lux-airport.lu\/fr\/minister-backes-welcomes-first-marriott-international-moxy-at-the-skypark-business-center-at-luxembourg-airport\/\" rel=\"bookmark\">First Marriott International \u201cMoxy\u201d in Luxembourg<\/a><\/h2>\t<div class=\"entry-meta entry-meta-divider-dot\">\n\t\t\t\t<span class=\"updated-on\">\n\t\t\t\t<time class=\"entry-date published updated\" datetime=\"2025-05-12T16:11:28+02:00\">12 mai 2025<\/time>\t\t\t<\/span>\n\t\t\t\t<\/div><!-- .entry-meta -->\n\t<\/header><!-- .entry-header -->\n<footer class=\"entry-footer\">\n\t\t\t<div class=\"entry-actions\">\n\t\t\t<p class=\"more-link-wrap\">\n\t\t\t\t<a href=\"https:\/\/www.lux-airport.lu\/fr\/minister-backes-welcomes-first-marriott-international-moxy-at-the-skypark-business-center-at-luxembourg-airport\/\" class=\"post-more-link\">\n\t\t\t\t\tLire la suite<span class=\"screen-reader-text\"> First Marriott International \u201cMoxy\u201d in Luxembourg<\/span><span class=\"kadence-svg-iconset svg-baseline\"><svg aria-hidden=\"true\" class=\"kadence-svg-icon kadence-arrow-right-alt-svg\" fill=\"currentColor\" version=\"1.1\" xmlns=\"http:\/\/www.w3.org\/2000\/svg\" width=\"27\" height=\"28\" viewBox=\"0 0 27 28\"><title>Continuer<\/title><path d=\"M27 13.953c0 0.141-0.063 0.281-0.156 0.375l-6 5.531c-0.156 0.141-0.359 0.172-0.547 0.094-0.172-0.078-0.297-0.25-0.297-0.453v-3.5h-19.5c-0.281 0-0.5-0.219-0.5-0.5v-3c0-0.281 0.219-0.5 0.5-0.5h19.5v-3.5c0-0.203 0.109-0.375 0.297-0.453s0.391-0.047 0.547 0.078l6 5.469c0.094 0.094 0.156 0.219 0.156 0.359v0z\"><\/path>\n\t\t\t<\/svg><\/span>\t\t\t\t<\/a>\n\t\t\t<\/p>\n\t\t<\/div><!-- .entry-actions -->\n\t\t<\/footer><!-- .entry-footer -->\t\t<\/div>\n\t<\/article>\n<\/li>\n<\/ul><\/div>\n<\/div>\n\n\n\n<div class=\"wp-block-group homeInfoWidget gourmetContainer is-vertical is-content-justification-stretch is-layout-flex wp-container-core-group-is-layout-b16ad781 wp-block-group-is-layout-flex\">\n<div class=\"wp-block-group backFrontTextContainer is-nowrap is-layout-flex wp-container-core-group-is-layout-ad2f72ca wp-block-group-is-layout-flex\">\n<p class=\"backText colorSecondary opacity02\">GOURMET<\/p>\n\n\n\n<div class=\"wp-block-group frontText is-nowrap is-layout-flex wp-container-core-group-is-layout-ad2f72ca wp-block-group-is-layout-flex\">\n<p class=\"colorTertiary\">my journey<\/p>\n\n\n\n<p class=\"colorBlack\">is gourmet<\/p>\n<\/div>\n<\/div>\n\n\n\n<div class=\"wp-block-columns homeInfoWidgetColumns is-layout-flex wp-container-core-columns-is-layout-9d6595d7 wp-block-columns-is-layout-flex\">\n<div class=\"wp-block-column is-vertically-aligned-center homeInfoWidgetImageColumn is-layout-flow wp-block-column-is-layout-flow\"><div class=\"wp-block-image\">\n<figure class=\"alignright size-full\"><img decoding=\"async\" src=\"https:\/\/www.lux-airport.lu\/wp-content\/uploads\/2025\/04\/my-journey-is-gourmet.webp\" alt=\"\" class=\"wp-image-17954\"><\/figure>\n<\/div><\/div>\n\n\n\n<div class=\"wp-block-column is-vertically-aligned-center homeInfoWidgetTextColumn is-layout-flow wp-block-column-is-layout-flow\">\n<p class=\"homeInfoWidgetTitle colorPrimary\">Savourez chaque instant<\/p>\n\n\n\n<p class=\"homeInfoWidgetText colorPrimary\">Laissez-vous tenter par un voyage culinaire d\u00e8s votre arriv\u00e9e \u00e0 l\u2019A\u00e9roport de Luxembourg. Entre en-cas rapides et d\u00e9lices gastronomiques, nos restaurants et caf\u00e9s sauront satisfaire toutes vos envies. Cuisine locale, saveurs du monde ou pause-caf\u00e9 relaxante, chaque bouch\u00e9e est une invitation au plaisir. Bon app\u00e9tit!<\/p>\n\n\n\n<div class=\"wp-block-group homeInfoWidgetLink is-nowrap is-layout-flex wp-container-core-group-is-layout-ad2f72ca wp-block-group-is-layout-flex\">\n<p class=\"colorPrimary\"><a href=\"\/fr\/store\/#store_category=Eating%20&amp;%20Drinking\">D\u00e9couvrez plus<\/a><\/p>\n\n\n\n<p class=\"arrow25 arrow25blue\"><\/p>\n<\/div>\n<\/div>\n<\/div>\n<\/div>\n\n\n\n<div class=\"wp-block-group homeInfoWidget fashionContainer is-vertical is-content-justification-stretch is-layout-flex wp-container-core-group-is-layout-b16ad781 wp-block-group-is-layout-flex\">\n<div class=\"wp-block-group backFrontTextContainer is-nowrap is-layout-flex wp-container-core-group-is-layout-ad2f72ca wp-block-group-is-layout-flex\">\n<p class=\"backText colorSecondary opacity02\">FASHION<\/p>\n\n\n\n<div class=\"wp-block-group frontText is-nowrap is-layout-flex wp-container-core-group-is-layout-ad2f72ca wp-block-group-is-layout-flex\">\n<p class=\"colorTertiary\">my journey<\/p>\n\n\n\n<p class=\"colorBlack\">needs style<\/p>\n<\/div>\n<\/div>\n\n\n\n<div class=\"wp-block-columns homeInfoWidgetColumns is-layout-flex wp-container-core-columns-is-layout-9d6595d7 wp-block-columns-is-layout-flex\">\n<div class=\"wp-block-column is-vertically-aligned-center homeInfoWidgetImageColumn is-layout-flow wp-block-column-is-layout-flow\"><div class=\"wp-block-image\">\n<figure class=\"alignright size-full\"><img decoding=\"async\" src=\"https:\/\/www.lux-airport.lu\/wp-content\/uploads\/2025\/04\/my-journey-needs-fashion-1.webp\" alt=\"\" class=\"wp-image-17951\"><\/figure>\n<\/div><\/div>\n\n\n\n<div class=\"wp-block-column is-vertically-aligned-center homeInfoWidgetTextColumn is-layout-flow wp-block-column-is-layout-flow\">\n<p class=\"homeInfoWidgetTitle colorPrimary\">Voyagez avec \u00e9l\u00e9gance<\/p>\n\n\n\n<p class=\"has-text-align-left homeInfoWidgetText colorPrimary\">Ajoutez une touche d\u2019\u00e9l\u00e9gance \u00e0 votre voyage gr\u00e2ce aux boutiques de l\u2019A\u00e9roport de Luxembourg. Des marques de luxe aux souvenirs raffin\u00e9s, trouvez tout ce qu\u2019il vous faut pour voyager avec style. Derni\u00e8res tendances, classiques intemporels ou cadeaux uniques, laissez-vous inspirer!<\/p>\n\n\n\n<div class=\"wp-block-group homeInfoWidgetLink is-nowrap is-layout-flex wp-container-core-group-is-layout-ad2f72ca wp-block-group-is-layout-flex\">\n<p class=\"colorPrimary\"><a href=\"\/fr\/store\/#store_category=Shopping\">D\u00e9couvrez plus<\/a><\/p>\n\n\n\n<p class=\"arrow25 arrow25blue\"><\/p>\n<\/div>\n<\/div>\n<\/div>\n<\/div>\n\n\n\n<div class=\"wp-block-group homeInfoWidget discoverContainer is-vertical is-content-justification-stretch is-layout-flex wp-container-core-group-is-layout-b16ad781 wp-block-group-is-layout-flex\">\n<div class=\"wp-block-group backFrontTextContainer is-nowrap is-layout-flex wp-container-core-group-is-layout-ad2f72ca wp-block-group-is-layout-flex\">\n<p class=\"backText colorSecondary opacity02\">LUXEMBOURG<\/p>\n\n\n\n<div class=\"wp-block-group frontText is-nowrap is-layout-flex wp-container-core-group-is-layout-ad2f72ca wp-block-group-is-layout-flex\">\n<p class=\"colorTertiary\">Discover<\/p>\n\n\n\n<p class=\"colorBlack\">the city<\/p>\n<\/div>\n<\/div>\n\n\n\n<div class=\"wp-block-columns homeInfoWidgetColumns is-layout-flex wp-container-core-columns-is-layout-9d6595d7 wp-block-columns-is-layout-flex\">\n<div class=\"wp-block-column is-vertically-aligned-center homeInfoWidgetImageColumn is-layout-flow wp-block-column-is-layout-flow\"><div class=\"wp-block-image\">\n<figure class=\"aligncenter size-full\"><img decoding=\"async\" src=\"https:\/\/www.lux-airport.lu\/wp-content\/uploads\/2025\/04\/discover-luxembourg.webp\" alt=\"\" class=\"wp-image-17957\"><\/figure>\n<\/div><\/div>\n\n\n\n<div class=\"wp-block-column is-vertically-aligned-center homeInfoWidgetTextColumn is-layout-flow wp-block-column-is-layout-flow\">\n<p class=\"homeInfoWidgetTitle colorPrimary\">Un joyau cach\u00e9 au c\u0153ur de l\u2019Europe!<\/p>\n\n\n\n<p class=\"homeInfoWidgetText colorPrimary\">Nich\u00e9 entre la Belgique, l\u2019Allemagne et la France, le Luxembourg est un savant m\u00e9lange d\u2019histoire, de paysages \u00e0 couper le souffle et d\u2019une culture influenc\u00e9e par ses voisins. Que vous soyez attir\u00e9 par ses villes pittoresques, sa nature verdoyante ou son dynamisme cosmopolite, laissez-vous s\u00e9duire par son charme unique et son \u00e9l\u00e9gance intemporelle.<\/p>\n\n\n\n<div class=\"wp-block-group homeInfoWidgetLink is-nowrap is-layout-flex wp-container-core-group-is-layout-ad2f72ca wp-block-group-is-layout-flex\">\n<p class=\"colorPrimary\"><a href=\"https:\/\/www.lux-airport.lu\/fr\/achetez-degustez-et-decouvrez\/decouvrir-luxembourg\/\">D\u00e9couvrez plus<\/a><\/p>\n\n\n\n<p class=\"arrow25 arrow25blue\"><\/p>\n<\/div>\n<\/div>\n<\/div>\n<\/div>\n","protected":false},"excerpt":{"rendered":"<p>Derni\u00e8res Nouvelles TOUTES LES NOUVELLES DESTINATIONS &gt;100 \u00e0 choisir, destinations non-stop COMPAGNIES A\u00c9RIENNES 14 pour choisir votre vol pr\u00e9f\u00e9r\u00e9 NEUTRE CO2 certifi\u00e9 par ACI Pendant que vous attendez\u2026 GOURMET my journey is gourmet Savourez chaque instant Laissez-vous tenter par un voyage culinaire d\u00e8s votre arriv\u00e9e \u00e0 l\u2019A\u00e9roport de Luxembourg. Entre en-cas rapides et d\u00e9lices gastronomiques, [&hellip;]<\/p>\n","protected":false},"author":1,"featured_media":0,"parent":0,"menu_order":0,"comment_status":"closed","ping_status":"closed","template":"","meta":{"_acf_changed":false,"footnotes":""},"class_list":["post-353","page","type-page","status-publish","hentry"],"acf":{"set_page_width_full":false,"start_with_small_header":false,"reno_options":{"hide_reno_widget":false,"open_widget_on_page_load":true,"which_tab_to_open":"chatbot","hide_reno_turn_onoff":true,"set_height_to_mini":false,"reno_page_branded_text_back_front":{"reno_show_branded_text":true,"reno_text_in_the_back":"JOURNEY","reno_text_in_the_front":"my journey starts here"}},"branded_text_backfront":{"hide_branded_text":false,"text_in_the_back":"JOURNEY","text_in_the_front_left":"My journey","text_in_the_front_right":"starts here"},"hide_breadcrumbs":true,"hide_footer_widgets":false,"hide_page_title":false,"advertising__adsense":{"show_ads_in_this_page":true,"image_instead_of_adsense":{"enable_image_instead_of_adsense":false,"banner_image_300x250":null,"banner_url":""}},"header_image_options":{"show_header_image":"Yes","header_image":""}},"_links":{"self":[{"href":"https:\/\/www.lux-airport.lu\/fr\/wp-json\/wp\/v2\/pages\/353","targetHints":{"allow":["GET"]}}],"collection":[{"href":"https:\/\/www.lux-airport.lu\/fr\/wp-json\/wp\/v2\/pages"}],"about":[{"href":"https:\/\/www.lux-airport.lu\/fr\/wp-json\/wp\/v2\/types\/page"}],"author":[{"embeddable":true,"href":"https:\/\/www.lux-airport.lu\/fr\/wp-json\/wp\/v2\/users\/1"}],"replies":[{"embeddable":true,"href":"https:\/\/www.lux-airport.lu\/fr\/wp-json\/wp\/v2\/comments?post=353"}],"version-history":[{"count":0,"href":"https:\/\/www.lux-airport.lu\/fr\/wp-json\/wp\/v2\/pages\/353\/revisions"}],"wp:attachment":[{"href":"https:\/\/www.lux-airport.lu\/fr\/wp-json\/wp\/v2\/media?parent=353"}],"curies":[{"name":"wp","href":"https:\/\/api.w.org\/{rel}","templated":true}]}}