{"id":10019,"date":"2023-01-05T22:48:23","date_gmt":"2023-01-05T21:48:23","guid":{"rendered":"https:\/\/www.lux-airport.lu\/la-societe\/presse\/nouvelles\/"},"modified":"2023-01-05T22:52:41","modified_gmt":"2023-01-05T21:52:41","slug":"nouvelles","status":"publish","type":"page","link":"https:\/\/www.lux-airport.lu\/fr\/entreprise\/presse\/nouvelles\/","title":{"rendered":"Nouvelles"},"content":{"rendered":"<ul class=\"wp-block-latest-posts__list is-grid columns-3 has-dates aligncenter wp-block-latest-posts\"><li><a class=\"wp-block-latest-posts__post-title\" href=\"https:\/\/www.lux-airport.lu\/fr\/luxair-et-lux-airport-confirment-les-resultats-positifs-du-test-de-preparation-des-departs-tot-le-matin-a-laeroport-de-luxembourg\/\">Luxair et lux-Airport confirment les r\u00e9sultats positifs du test de pr\u00e9paration des d\u00e9parts t\u00f4t le matin \u00e0 l\u2019a\u00e9roport de Luxembourg<\/a><time datetime=\"2026-02-06T10:10:42+01:00\" class=\"wp-block-latest-posts__post-date\">6 f\u00e9vrier 2026<\/time><div class=\"wp-block-latest-posts__post-excerpt\">Luxair et lux-Airport ont le plaisir d\u2019annoncer les r\u00e9sultats positifs d\u2019un test op\u00e9rationnel men\u00e9 entre le 18 et le 20 d\u00e9cembre 2025 \u00e0 l\u2019a\u00e9roport de Luxembourg. Cette initiative conjointe visait \u00e0 am\u00e9liorer la ponctualit\u00e9 des d\u00e9parts t\u00f4t le matin et \u00e0 renforcer l\u2019exp\u00e9rience passager en optimisant les processus a\u00e9roportuaires et a\u00e9riens avant la premi\u00e8re vague\u2026 <a class=\"wp-block-latest-posts__read-more\" href=\"https:\/\/www.lux-airport.lu\/fr\/luxair-et-lux-airport-confirment-les-resultats-positifs-du-test-de-preparation-des-departs-tot-le-matin-a-laeroport-de-luxembourg\/\" rel=\"noopener noreferrer\">Lire la suite<span class=\"screen-reader-text\">\u00a0: Luxair et lux-Airport confirment les r\u00e9sultats positifs du test de pr\u00e9paration des d\u00e9parts t\u00f4t le matin \u00e0 l\u2019a\u00e9roport de Luxembourg<\/span><\/a><\/div><\/li>\n<li><a class=\"wp-block-latest-posts__post-title\" href=\"https:\/\/www.lux-airport.lu\/fr\/etihad-airways-to-launch-direct-flights-between-luxembourg-and-abu-dhabi\/\">Etihad Airways  devient la premi\u00e8re compagnie a\u00e9rienne du Moyen-Orient \u00e0 desservir Luxembourg<\/a><time datetime=\"2026-01-09T11:22:46+01:00\" class=\"wp-block-latest-posts__post-date\">9 janvier 2026<\/time><div class=\"wp-block-latest-posts__post-excerpt\">Communiqu\u00e9 de presse de par Etihad Airways \u2013 9 janvier 2026 Abu Dhabi, \u00c9mirats Arabes Unis \u2013 Etihad Airways a annonc\u00e9 le lancement de vols vers Luxembourg, marquant une \u00e9tape historique en devenant la premi\u00e8re compagnie a\u00e9rienne du Moyen-Orient \u00e0 desservir le pays. Lorsque les services d\u00e9buteront le 29 octobre 2026, Etihad deviendra \u00e9galement la\u2026 <a class=\"wp-block-latest-posts__read-more\" href=\"https:\/\/www.lux-airport.lu\/fr\/etihad-airways-to-launch-direct-flights-between-luxembourg-and-abu-dhabi\/\" rel=\"noopener noreferrer\">Lire la suite<span class=\"screen-reader-text\">\u00a0: Etihad Airways  devient la premi\u00e8re compagnie a\u00e9rienne du Moyen-Orient \u00e0 desservir Luxembourg<\/span><\/a><\/div><\/li>\n<li><a class=\"wp-block-latest-posts__post-title\" href=\"https:\/\/www.lux-airport.lu\/fr\/%e2%9d%84%ef%b8%8f-winter-conditions-at-luxembourg-airport\/\">\u2744\ufe0f Winter conditions at Luxembourg Airport<\/a><time datetime=\"2026-01-03T13:26:01+01:00\" class=\"wp-block-latest-posts__post-date\">3 janvier 2026<\/time><div class=\"wp-block-latest-posts__post-excerpt\">Snowfall earlier today means our winter operations remain in place, including runway snow clearance and aircraft, stand and walkway de-icing. Some delays are possible, but our teams are in place to keep the airport operating safely and smoothly. If you\u2019re travelling to the airport, please allow extra time and take care on the roads.<\/div><\/li>\n<li><a class=\"wp-block-latest-posts__post-title\" href=\"https:\/\/www.lux-airport.lu\/fr\/security-check-during-xmas-hand-luggage\/\">Contr\u00f4le de s\u00fbret\u00e9 pendant No\u00ebl &#8211; Bagages \u00e0 main<\/a><time datetime=\"2025-12-12T12:00:07+01:00\" class=\"wp-block-latest-posts__post-date\">12 d\u00e9cembre 2025<\/time><div class=\"wp-block-latest-posts__post-excerpt\">Conseils pour les bagages \u00e0 main lors des contr\u00f4les de s\u00fbret\u00e9 Avec les f\u00eates de fin d&rsquo;ann\u00e9e, de nombreux voyageurs emportent dans leurs bagages \u00e0 main des friandises telles que du massepain, du foie gras (p\u00e2t\u00e9), du fromage \u00e0 p\u00e2te molle, ou encore des objets festifs comme des boules \u00e0 neige ou des feux d&rsquo;artifice.\u2026 <a class=\"wp-block-latest-posts__read-more\" href=\"https:\/\/www.lux-airport.lu\/fr\/security-check-during-xmas-hand-luggage\/\" rel=\"noopener noreferrer\">Lire la suite<span class=\"screen-reader-text\">\u00a0: Contr\u00f4le de s\u00fbret\u00e9 pendant No\u00ebl &#8211; Bagages \u00e0 main<\/span><\/a><\/div><\/li>\n<li><a class=\"wp-block-latest-posts__post-title\" href=\"https:\/\/www.lux-airport.lu\/fr\/full-scale-emergency-exercise-at-luxembourg-airport\/\">Exercice d\u2019urgence grandeur nature \u00e0 l\u2019a\u00e9roport de Luxembourg<\/a><time datetime=\"2025-11-15T20:29:26+01:00\" class=\"wp-block-latest-posts__post-date\">15 novembre 2025<\/time><div class=\"wp-block-latest-posts__post-excerpt\">Aujourd\u2019hui, le 15 novembre 2025, l\u2019a\u00e9roport de Luxembourg a r\u00e9alis\u00e9 son exercice d\u2019urgence grandeur nature, \u201cSPARK25\u201d, destin\u00e9 \u00e0 tester et garantir l\u2019efficacit\u00e9 de ses proc\u00e9dures d\u2019urgence. De telles simulations de crise sont requises tous les deux ans afin de respecter les normes internationales, maintenir la pr\u00e9paration op\u00e9rationnelle, renforcer la r\u00e9silience et assurer les plus hauts\u2026 <a class=\"wp-block-latest-posts__read-more\" href=\"https:\/\/www.lux-airport.lu\/fr\/full-scale-emergency-exercise-at-luxembourg-airport\/\" rel=\"noopener noreferrer\">Lire la suite<span class=\"screen-reader-text\">\u00a0: Exercice d\u2019urgence grandeur nature \u00e0 l\u2019a\u00e9roport de Luxembourg<\/span><\/a><\/div><\/li>\n<li><a class=\"wp-block-latest-posts__post-title\" href=\"https:\/\/www.lux-airport.lu\/fr\/new-pre-booking-made-easy-enter-with-your-license-plate-%f0%9f%85%bf%ef%b8%8f\/\">NEW \u2013 Pre-booking made easy: enter with your license plate \ud83c\udd7f\ufe0f<\/a><time datetime=\"2025-10-14T14:13:26+02:00\" class=\"wp-block-latest-posts__post-date\">14 octobre 2025<\/time><div class=\"wp-block-latest-posts__post-excerpt\">Booked your parking with lux-Airport? Great news \u2014 you can now enter and exit the car park simply with your license plate.We\u2019ve upgraded our parking barriers to make your journey smoother: \ud83d\udc49 For bookings made on or after 14 October Just drive to your chosen car park. The barrier will automatically recognize your license plate\u2026 <a class=\"wp-block-latest-posts__read-more\" href=\"https:\/\/www.lux-airport.lu\/fr\/new-pre-booking-made-easy-enter-with-your-license-plate-%f0%9f%85%bf%ef%b8%8f\/\" rel=\"noopener noreferrer\">Lire la suite<span class=\"screen-reader-text\">\u00a0: NEW \u2013 Pre-booking made easy: enter with your license plate \ud83c\udd7f\ufe0f<\/span><\/a><\/div><\/li>\n<li><a class=\"wp-block-latest-posts__post-title\" href=\"https:\/\/www.lux-airport.lu\/fr\/entry-exit-system-ees-a-modern-more-efficient-border-management-system-for-europe\/\">Syst\u00e8me d\u2019entr\u00e9e\/sortie (EES) \u2013 Un syst\u00e8me de gestion des fronti\u00e8res moderne et plus efficace pour l\u2019Europe<\/a><time datetime=\"2025-10-09T12:15:37+02:00\" class=\"wp-block-latest-posts__post-date\">9 octobre 2025<\/time><div class=\"wp-block-latest-posts__post-excerpt\">Le 12 octobre 2025 \u2013 ce dimanche \u2013 un nouveau syst\u00e8me de gestion des fronti\u00e8res, le syst\u00e8me d\u2019entr\u00e9e\/sortie (EES), entrera en service \u00e0 l\u2019a\u00e9roport de Luxembourg. \u2708\ufe0f D\u00e9couvrez tout sur le syst\u00e8me EES en visitant le site web ici : https:\/\/travel-europe.europa.eu\/ees Questions fr\u00e9quemment pos\u00e9es \u2013 Syst\u00e8me d\u2019entr\u00e9e\/sortie (EES) Qu\u2019est-ce que le Syst\u00e8me d\u2019entr\u00e9e\/sortie (EES) ?\u2026 <a class=\"wp-block-latest-posts__read-more\" href=\"https:\/\/www.lux-airport.lu\/fr\/entry-exit-system-ees-a-modern-more-efficient-border-management-system-for-europe\/\" rel=\"noopener noreferrer\">Lire la suite<span class=\"screen-reader-text\">\u00a0: Syst\u00e8me d\u2019entr\u00e9e\/sortie (EES) \u2013 Un syst\u00e8me de gestion des fronti\u00e8res moderne et plus efficace pour l\u2019Europe<\/span><\/a><\/div><\/li>\n<li><a class=\"wp-block-latest-posts__post-title\" href=\"https:\/\/www.lux-airport.lu\/fr\/luxembourg-airport-begins-construction-of-state-of-the-art-fuel-farm-to-meet-21st-century-supply-demands\/\">L\u2019A\u00e9roport de Luxembourg lance la construction d\u2019un d\u00e9p\u00f4t de carburant moderne \u00e0 la hauteur de la demande d\u2019approvisionnement du XXIe si\u00e8cle<\/a><time datetime=\"2025-10-02T10:00:00+02:00\" class=\"wp-block-latest-posts__post-date\">2 octobre 2025<\/time><div class=\"wp-block-latest-posts__post-excerpt\">L\u2019A\u00e9roport de Luxembourg b\u00e9n\u00e9ficiera d\u2019un nouveau d\u00e9p\u00f4t de carburant moderne qui permettra une autonomie op\u00e9rationnelle de plusieurs jours. Le lancement officiel a \u00e9t\u00e9 marqu\u00e9 par un acte symbolique en pr\u00e9sence de Yuriko Backes, ministre de la Mobilit\u00e9 et des Travaux publics, de Fr\u00e9d Ternes, Bourgmestre de Niederanven, et de Alexander Flassak, CEO de lux-Airport. En\u2026 <a class=\"wp-block-latest-posts__read-more\" href=\"https:\/\/www.lux-airport.lu\/fr\/luxembourg-airport-begins-construction-of-state-of-the-art-fuel-farm-to-meet-21st-century-supply-demands\/\" rel=\"noopener noreferrer\">Lire la suite<span class=\"screen-reader-text\">\u00a0: L\u2019A\u00e9roport de Luxembourg lance la construction d\u2019un d\u00e9p\u00f4t de carburant moderne \u00e0 la hauteur de la demande d\u2019approvisionnement du XXIe si\u00e8cle<\/span><\/a><\/div><\/li>\n<li><a class=\"wp-block-latest-posts__post-title\" href=\"https:\/\/www.lux-airport.lu\/fr\/luxembourg-airport-runway-incident-statement-from-lux-airport-30-06-2025\/\">Luxembourg Airport Runway Incident \u2013 Statement from lux-Airport 30.06.2025<\/a><time datetime=\"2025-06-30T16:46:20+02:00\" class=\"wp-block-latest-posts__post-date\">30 juin 2025<\/time><div class=\"wp-block-latest-posts__post-excerpt\">On Friday, 13 June 2025, a structural anomaly was detected on the center line of the runway at Luxembourg Airport, prompting an immediate and precautionary closure of the runway to ensure the safety of all air traffic operations. The anomaly, identified as a detachment of the asphalt top layer, led to the temporary suspension of\u2026 <a class=\"wp-block-latest-posts__read-more\" href=\"https:\/\/www.lux-airport.lu\/fr\/luxembourg-airport-runway-incident-statement-from-lux-airport-30-06-2025\/\" rel=\"noopener noreferrer\">Lire la suite<span class=\"screen-reader-text\">\u00a0: Luxembourg Airport Runway Incident \u2013 Statement from lux-Airport 30.06.2025<\/span><\/a><\/div><\/li>\n<li><a class=\"wp-block-latest-posts__post-title\" href=\"https:\/\/www.lux-airport.lu\/fr\/dernieres-nouvelles-14-06-25-piste-a-laeroport-de-luxembourg\/\">Derni\u00e8res nouvelles 14.06.25: piste \u00e0 l&rsquo;a\u00e9roport de Luxembourg<\/a><time datetime=\"2025-06-14T19:39:49+02:00\" class=\"wp-block-latest-posts__post-date\">14 juin 2025<\/time><div class=\"wp-block-latest-posts__post-excerpt\">Apr\u00e8s une fermeture temporaire de la piste en soir\u00e9e du 13 juin 2025, due \u00e0 des r\u00e9parations, suivie d\u2019une exploitation limit\u00e9e sur une piste raccourcie, les travaux ont pu \u00eatre achev\u00e9s avec succ\u00e8s durant la nuit. Le 14 juin 2025, l\u2019exploitation a repris comme pr\u00e9vu, sans aucune restriction op\u00e9rationnelle, sur l\u2019int\u00e9gralit\u00e9 de la piste d\u00e8s\u2026 <a class=\"wp-block-latest-posts__read-more\" href=\"https:\/\/www.lux-airport.lu\/fr\/dernieres-nouvelles-14-06-25-piste-a-laeroport-de-luxembourg\/\" rel=\"noopener noreferrer\">Lire la suite<span class=\"screen-reader-text\">\u00a0: Derni\u00e8res nouvelles 14.06.25: piste \u00e0 l&rsquo;a\u00e9roport de Luxembourg<\/span><\/a><\/div><\/li>\n<li><a class=\"wp-block-latest-posts__post-title\" href=\"https:\/\/www.lux-airport.lu\/fr\/one-year-of-plane-spotters-afterwork-a-special-anniversary-edition\/\">One Year of Plane Spotters Afterwork \u2013 A Special Anniversary Edition<\/a><time datetime=\"2025-06-06T19:37:56+02:00\" class=\"wp-block-latest-posts__post-date\">6 juin 2025<\/time><div class=\"wp-block-latest-posts__post-excerpt\">A gathering of aviation lovers \u2013 where breathtaking images spoke straight to the heart On June 5th, 2025, we had the pleasure of celebrating one year of the Plane Spotters Afterwork Club with a special edition event held at the Skypark Business Center (copper building besides the Luxembourg Airport Terminal). The evening brought together more\u2026 <a class=\"wp-block-latest-posts__read-more\" href=\"https:\/\/www.lux-airport.lu\/fr\/one-year-of-plane-spotters-afterwork-a-special-anniversary-edition\/\" rel=\"noopener noreferrer\">Lire la suite<span class=\"screen-reader-text\">\u00a0: One Year of Plane Spotters Afterwork \u2013 A Special Anniversary Edition<\/span><\/a><\/div><\/li>\n<li><a class=\"wp-block-latest-posts__post-title\" href=\"https:\/\/www.lux-airport.lu\/fr\/lux-airport-rejoint-le-reseau-mondial-hidden-disabilities-sunflower-afin-dameliorer-le-soutien-aux-passagers-ayant-des-handicaps-invisibles\/\">lux-Airport rejoint le r\u00e9seau mondial \u00ab\u00a0Hidden Disabilities Sunflower\u00a0\u00bb afin d\u2019am\u00e9liorer le soutien aux passagers ayant des handicaps invisibles<\/a><time datetime=\"2025-05-12T15:57:48+02:00\" class=\"wp-block-latest-posts__post-date\">12 mai 2025<\/time><div class=\"wp-block-latest-posts__post-excerpt\">Luxembourg, le 12 mai 2025 \u2013 lux-Airport, l\u2019exploitant de l\u2019a\u00e9roport de Luxembourg, est fier d\u2019annoncer son partenariat avec le r\u00e9seau mondial \u00ab&nbsp;Hidden Disabilities Sunflower&nbsp;\u00bb \u2014 marquant une \u00e9tape importante vers une exp\u00e9rience de voyage plus inclusive et accessible pour tous les passagers. lux-Airport est la premi\u00e8re entreprise au Luxembourg \u00e0 rejoindre officiellement ce programme international.Le\u2026 <a class=\"wp-block-latest-posts__read-more\" href=\"https:\/\/www.lux-airport.lu\/fr\/lux-airport-rejoint-le-reseau-mondial-hidden-disabilities-sunflower-afin-dameliorer-le-soutien-aux-passagers-ayant-des-handicaps-invisibles\/\" rel=\"noopener noreferrer\">Lire la suite<span class=\"screen-reader-text\">\u00a0: lux-Airport rejoint le r\u00e9seau mondial \u00ab\u00a0Hidden Disabilities Sunflower\u00a0\u00bb afin d\u2019am\u00e9liorer le soutien aux passagers ayant des handicaps invisibles<\/span><\/a><\/div><\/li>\n<\/ul>","protected":false},"excerpt":{"rendered":"","protected":false},"author":1,"featured_media":0,"parent":6947,"menu_order":0,"comment_status":"closed","ping_status":"closed","template":"","meta":{"_acf_changed":false,"footnotes":""},"class_list":["post-10019","page","type-page","status-publish","hentry"],"acf":{"set_page_width_full":false,"start_with_small_header":false,"reno_options":{"hide_reno_widget":false,"open_widget_on_page_load":false,"which_tab_to_open":"chatbot","hide_reno_turn_onoff":false,"set_height_to_mini":false,"reno_page_branded_text_back_front":{"reno_show_branded_text":false,"reno_text_in_the_back":"JOURNEY","reno_text_in_the_front":"my journey starts here"}},"branded_text_backfront":{"hide_branded_text":false,"text_in_the_back":"JOURNEY","text_in_the_front_left":"My journey","text_in_the_front_right":"starts here"},"hide_breadcrumbs":false,"hide_footer_widgets":false,"hide_page_title":false,"advertising__adsense":{"show_ads_in_this_page":true,"image_instead_of_adsense":{"enable_image_instead_of_adsense":false,"banner_image_300x250":null,"banner_url":""}},"header_image_options":{"show_header_image":"Yes","header_image":""}},"_links":{"self":[{"href":"https:\/\/www.lux-airport.lu\/fr\/wp-json\/wp\/v2\/pages\/10019","targetHints":{"allow":["GET"]}}],"collection":[{"href":"https:\/\/www.lux-airport.lu\/fr\/wp-json\/wp\/v2\/pages"}],"about":[{"href":"https:\/\/www.lux-airport.lu\/fr\/wp-json\/wp\/v2\/types\/page"}],"author":[{"embeddable":true,"href":"https:\/\/www.lux-airport.lu\/fr\/wp-json\/wp\/v2\/users\/1"}],"replies":[{"embeddable":true,"href":"https:\/\/www.lux-airport.lu\/fr\/wp-json\/wp\/v2\/comments?post=10019"}],"version-history":[{"count":0,"href":"https:\/\/www.lux-airport.lu\/fr\/wp-json\/wp\/v2\/pages\/10019\/revisions"}],"up":[{"embeddable":true,"href":"https:\/\/www.lux-airport.lu\/fr\/wp-json\/wp\/v2\/pages\/6947"}],"wp:attachment":[{"href":"https:\/\/www.lux-airport.lu\/fr\/wp-json\/wp\/v2\/media?parent=10019"}],"curies":[{"name":"wp","href":"https:\/\/api.w.org\/{rel}","templated":true}]}}