{"id":5759,"date":"2022-09-25T13:49:34","date_gmt":"2022-09-25T11:49:34","guid":{"rendered":"https:\/\/www.lux-airport.lu\/?post_type=faq&#038;p=5759"},"modified":"2023-05-31T10:34:19","modified_gmt":"2023-05-31T09:34:19","slug":"y-aura-t-il-des-mesures-de-la-fievre","status":"publish","type":"faq","link":"https:\/\/www.lux-airport.lu\/fr\/faq\/y-aura-t-il-des-mesures-de-la-fievre\/","title":{"rendered":"Y aura-t-il des contr\u00f4les de temp\u00e9rature ?"},"content":{"rendered":"\n<p>Pour le moment, le minist\u00e8re n&rsquo;a donn\u00e9 aucune consigne concernant le contr\u00f4le de la temp\u00e9rature corporelle. Veillez d\u00e8s lors \u00e0 respecter les r\u00e8gles d\u2019hygi\u00e8ne des voies respiratoires et des mains et vous conformer aux consignes du minist\u00e8re de la Sant\u00e9 publi\u00e9es sur le site www.gouvernement.lu. Respectez et prot\u00e9gez les autres en toussant et en \u00e9ternuant dans votre coude, etc.<\/p>\n","protected":false},"template":"","faq_categories":[],"class_list":["post-5759","faq","type-faq","status-publish","hentry"],"acf":[],"_links":{"self":[{"href":"https:\/\/www.lux-airport.lu\/fr\/wp-json\/wp\/v2\/faq\/5759","targetHints":{"allow":["GET"]}}],"collection":[{"href":"https:\/\/www.lux-airport.lu\/fr\/wp-json\/wp\/v2\/faq"}],"about":[{"href":"https:\/\/www.lux-airport.lu\/fr\/wp-json\/wp\/v2\/types\/faq"}],"wp:attachment":[{"href":"https:\/\/www.lux-airport.lu\/fr\/wp-json\/wp\/v2\/media?parent=5759"}],"wp:term":[{"taxonomy":"faq_categories","embeddable":true,"href":"https:\/\/www.lux-airport.lu\/fr\/wp-json\/wp\/v2\/faq_categories?post=5759"}],"curies":[{"name":"wp","href":"https:\/\/api.w.org\/{rel}","templated":true}]}}