{"id":5758,"date":"2022-09-25T13:49:05","date_gmt":"2022-09-25T11:49:05","guid":{"rendered":"https:\/\/www.lux-airport.lu\/?post_type=faq&#038;p=5758"},"modified":"2023-05-31T10:34:39","modified_gmt":"2023-05-31T09:34:39","slug":"y-a-t-il-de-nouvelles-mesures-dans-la-zone-de-securite","status":"publish","type":"faq","link":"https:\/\/www.lux-airport.lu\/fr\/faq\/y-a-t-il-de-nouvelles-mesures-dans-la-zone-de-securite\/","title":{"rendered":"Y a-t-il de nouvelles mesures dans la zone des contr\u00f4les de s\u00fbret\u00e9 ?"},"content":{"rendered":"\n<p>Veillez \u00e0 respecter les r\u00e8gles d\u2019hygi\u00e8ne des voies respiratoires et des mains et vous conformer aux consignes du minist\u00e8re de la Sant\u00e9 publi\u00e9es sur le site www.gouvernement.lu. Respectez et prot\u00e9gez les autres en toussant et en \u00e9ternuant dans votre coude, etc.<\/p>\n","protected":false},"template":"","faq_categories":[],"class_list":["post-5758","faq","type-faq","status-publish","hentry"],"acf":[],"_links":{"self":[{"href":"https:\/\/www.lux-airport.lu\/fr\/wp-json\/wp\/v2\/faq\/5758","targetHints":{"allow":["GET"]}}],"collection":[{"href":"https:\/\/www.lux-airport.lu\/fr\/wp-json\/wp\/v2\/faq"}],"about":[{"href":"https:\/\/www.lux-airport.lu\/fr\/wp-json\/wp\/v2\/types\/faq"}],"wp:attachment":[{"href":"https:\/\/www.lux-airport.lu\/fr\/wp-json\/wp\/v2\/media?parent=5758"}],"wp:term":[{"taxonomy":"faq_categories","embeddable":true,"href":"https:\/\/www.lux-airport.lu\/fr\/wp-json\/wp\/v2\/faq_categories?post=5758"}],"curies":[{"name":"wp","href":"https:\/\/api.w.org\/{rel}","templated":true}]}}