{"id":6937,"date":"2022-10-12T21:02:09","date_gmt":"2022-10-12T20:02:09","guid":{"rendered":"https:\/\/www.lux-airport.lu\/?page_id=6937"},"modified":"2023-06-29T13:23:05","modified_gmt":"2023-06-29T12:23:05","slug":"nachhaltigkeit","status":"publish","type":"page","link":"https:\/\/www.lux-airport.lu\/de\/unternehmen\/unser-engagement\/umwelt-und-nachhaltigkeit\/nachhaltigkeit\/","title":{"rendered":"Nachhaltigkeit"},"content":{"rendered":"\n<h2 class=\"wp-block-heading\">SKYPARK BUSINESS CENTER<\/h2>\n\n\n\n<p><strong><strong>Die Architekten der Kopenhagener Bjarke Ingels Group (BIG) entwarfen die nachhaltige Suprastruktur f\u00fcr das Flughafengeb\u00e4ude.<\/strong> <strong>Die Struktur vermittelt Transparenz und \u00f6ffnet sich der Umgebung.<\/strong> <strong>In Phase&nbsp;1 wird mit den leichten Pfeilern, Tr\u00e4gern und Decken aus Holz eine Gesamtfl\u00e4che von 30&nbsp;700&nbsp;m<sup>2<\/sup> geschaffen.<\/strong><\/strong><\/p>\n\n\n\n<figure class=\"wp-block-table\"><table class=\"has-fixed-layout\"><thead><tr><th class=\"has-text-align-center\" data-align=\"center\"><strong>30,700<\/strong><\/th><th class=\"has-text-align-center\" data-align=\"center\">7<\/th><th class=\"has-text-align-center\" data-align=\"center\">GREEN<\/th><\/tr><\/thead><tbody><tr><td class=\"has-text-align-center\" data-align=\"center\">M2 GEB\u00c4UDEFL\u00c4CHE AUS HOLZ<\/td><td class=\"has-text-align-center\" data-align=\"center\">ETAGEN<\/td><td class=\"has-text-align-center\" data-align=\"center\">GEB\u00c4UDE<\/td><\/tr><\/tbody><\/table><\/figure>\n\n\n\n<p>Die nachhaltigen Holzelemente erm\u00f6glichen ein sehr schnelles Bauen. Das Design bezieht seine Inspiration aus den Ideen der Kreislaufwirtschaft, in der sich Materialien bei Bedarf einfach anpassen oder recyceln lassen. F\u00fcr die vier unterirdischen Parkdecks, die zus\u00e4tzliche Infrastruktur bieten, wird eine Stahlbetonkonstruktion verwendet.<\/p>\n\n\n\n<p>Das Geb\u00e4ude wird sich durch eine extrem effiziente und flexible B\u00fcrofl\u00e4chengestaltung auszeichnen. Mit drei verschiedenen Dachterrassen-Ebenen und \u00fcppiger Begr\u00fcnung er\u00f6ffnet das B\u00fcrogeb\u00e4ude dem Besucher vielf\u00e4ltige und einzigartige Ausblicke. Am \u00f6stlichen Ende ist das Geb\u00e4ude mit dem Terminal&nbsp;A verbunden. Die gro\u00dfz\u00fcgige Plaza l\u00e4dt den Gast zum Kaffee oder Lunch ein.<\/p>\n\n\n<div class=\"wp-block-image\">\n<figure class=\"aligncenter size-full\"><img loading=\"lazy\" decoding=\"async\" width=\"768\" height=\"540\" src=\"https:\/\/www.lux-airport.lu\/wp-content\/uploads\/2022\/10\/image-14.png\" alt=\"Bild von Skypark Business Center\" class=\"wp-image-7199\" srcset=\"https:\/\/www.lux-airport.lu\/wp-content\/uploads\/2022\/10\/image-14.png 768w, https:\/\/www.lux-airport.lu\/wp-content\/uploads\/2022\/10\/image-14-300x211.png 300w\" sizes=\"auto, (max-width: 768px) 100vw, 768px\" \/><\/figure>\n<\/div>\n\n\n<div style=\"height:100px\" aria-hidden=\"true\" class=\"wp-block-spacer\"><\/div>\n\n\n\n<pre class=\"wp-block-preformatted\">\u201eNachhaltigkeit darf kein moralisches Opfer, kein politisches Dilemma oder keine Frage menschenfreundlichen Denkens sein. Sie muss das Design herausfordern\u201e\n\nBjarke Ingels \u2013 Gr\u00fcnder von BIG<\/pre>\n\n\n\n<div style=\"height:100px\" aria-hidden=\"true\" class=\"wp-block-spacer\"><\/div>\n\n\n\n<h2 class=\"wp-block-heading\"><strong>DIE BEDEUTUNG NACHHALTIGER MATERIALIEN<\/strong><\/h2>\n\n\n\n<p>Woraus besteht ein Bauwerk? Seine Nachhaltigkeit misst sich nicht allein am Energieverbrauch bei der Nutzung. Die f\u00fcr die Baumaterialien erforderliche \u201egraue Energie\u201c leistet einen signifikanten Beitrag zum Gesamt-CO<sub>2<\/sub>-Fu\u00dfabdruck eines Geb\u00e4udes.<\/p>\n\n\n\n<div class=\"wp-block-columns is-layout-flex wp-container-core-columns-is-layout-9d6595d7 wp-block-columns-is-layout-flex\">\n<div class=\"wp-block-column is-vertically-aligned-center is-layout-flow wp-block-column-is-layout-flow\" style=\"flex-basis:33.33%\"><div class=\"wp-block-image\">\n<figure class=\"aligncenter size-full\"><img loading=\"lazy\" decoding=\"async\" width=\"120\" height=\"120\" src=\"https:\/\/www.lux-airport.lu\/wp-content\/uploads\/2022\/10\/image-15.png\" alt=\"CLT-Logo\" class=\"wp-image-7207\"\/><\/figure>\n<\/div><\/div>\n\n\n\n<div class=\"wp-block-column is-layout-flow wp-block-column-is-layout-flow\" style=\"flex-basis:66.66%\">\n<p>F\u00fcr das Skypark Business Center wird in den Ebenen 0 bis 6 <strong>Kreuzlagenholz<\/strong> als Hauptbaumaterial verwendet. Kreuzlagenholz hat eine signifikant niedrigere graue Energie als Beton oder Stahl, da es sich um einen erneuerbaren Baustoff handelt.<\/p>\n<\/div>\n<\/div>\n\n\n\n<div class=\"wp-block-columns is-layout-flex wp-container-core-columns-is-layout-9d6595d7 wp-block-columns-is-layout-flex\">\n<div class=\"wp-block-column is-vertically-aligned-center is-layout-flow wp-block-column-is-layout-flow\" style=\"flex-basis:33.33%\"><div class=\"wp-block-image\">\n<figure class=\"aligncenter size-full\"><img loading=\"lazy\" decoding=\"async\" width=\"120\" height=\"120\" src=\"https:\/\/www.lux-airport.lu\/wp-content\/uploads\/2022\/10\/image-16.png\" alt=\"Gr\u00fcndach-Logo\" class=\"wp-image-7213\"\/><\/figure>\n<\/div><\/div>\n\n\n\n<div class=\"wp-block-column is-layout-flow wp-block-column-is-layout-flow\" style=\"flex-basis:66.66%\">\n<p><strong><strong>D\u00e4cher werden begr\u00fcnt<\/strong>, <\/strong>um den W\u00e4rmeinseleffekt zu verringern, vor\u00fcbergehend Regenwasser zu speichern und um im Sommer den K\u00fchlungsbedarf im Obergeschoss zu reduzieren, denn das Regenwasser verdampft auf den Dachfl\u00e4chen.<\/p>\n<\/div>\n<\/div>\n\n\n\n<div class=\"wp-block-columns is-layout-flex wp-container-core-columns-is-layout-9d6595d7 wp-block-columns-is-layout-flex\">\n<div class=\"wp-block-column is-vertically-aligned-center is-layout-flow wp-block-column-is-layout-flow\" style=\"flex-basis:33.33%\"><div class=\"wp-block-image\">\n<figure class=\"aligncenter size-full\"><img loading=\"lazy\" decoding=\"async\" width=\"120\" height=\"120\" src=\"https:\/\/www.lux-airport.lu\/wp-content\/uploads\/2022\/10\/image-17.png\" alt=\"Logo f\u00fcr Fotovoltaikplatten\" class=\"wp-image-7217\"\/><\/figure>\n<\/div><\/div>\n\n\n\n<div class=\"wp-block-column is-layout-flow wp-block-column-is-layout-flow\" style=\"flex-basis:66.66%\">\n<p><strong><strong>Fotovoltaik-Elemente<\/strong> <\/strong>werden auf dem oberen Dach installiert, um vor Ort erneuerbare Energie f\u00fcr den Eigenverbrauch zu erzeugen und um Energie in das lokale Stromnetz einzuspeisen. Auf diese Weise kann das Geb\u00e4ude einen erheblichen Teil seines Energiebedarfs selbst ausgleichen.<\/p>\n<\/div>\n<\/div>\n\n\n\n<div class=\"wp-block-columns is-layout-flex wp-container-core-columns-is-layout-9d6595d7 wp-block-columns-is-layout-flex\">\n<div class=\"wp-block-column is-vertically-aligned-center is-layout-flow wp-block-column-is-layout-flow\" style=\"flex-basis:33.33%\"><div class=\"wp-block-image\">\n<figure class=\"aligncenter size-full\"><img loading=\"lazy\" decoding=\"async\" width=\"120\" height=\"120\" src=\"https:\/\/www.lux-airport.lu\/wp-content\/uploads\/2022\/10\/image-18.png\" alt=\"Zick-Zack-Fassade Logo\" class=\"wp-image-7220\"\/><\/figure>\n<\/div><\/div>\n\n\n\n<div class=\"wp-block-column is-layout-flow wp-block-column-is-layout-flow\" style=\"flex-basis:66.66%\">\n<p>Die Ebenen&nbsp;1 bis 6 pr\u00e4sentieren sich mit <strong>doppelter Fassade<\/strong>: Die <strong>\u00e4u\u00dfere Zickzack-Fassadenschicht<\/strong> mit opaken und transparenten Elementen sch\u00fctzt vor L\u00e4rm und Wind und eine zweite innere Fassade mit Dreifach-Verglasung d\u00e4mpft den Schall und isoliert gegen Hitze.<\/p>\n<\/div>\n<\/div>\n\n\n\n<div style=\"height:50px\" aria-hidden=\"true\" class=\"wp-block-spacer\"><\/div>\n\n\n<div class=\"wp-block-image\">\n<figure class=\"aligncenter size-full\"><img loading=\"lazy\" decoding=\"async\" width=\"768\" height=\"542\" src=\"https:\/\/www.lux-airport.lu\/wp-content\/uploads\/2022\/10\/image-19.png\" alt=\"Bild des Geb\u00e4udes\" class=\"wp-image-7223\" srcset=\"https:\/\/www.lux-airport.lu\/wp-content\/uploads\/2022\/10\/image-19.png 768w, https:\/\/www.lux-airport.lu\/wp-content\/uploads\/2022\/10\/image-19-300x212.png 300w\" sizes=\"auto, (max-width: 768px) 100vw, 768px\" \/><\/figure>\n<\/div>\n\n\n<div style=\"height:50px\" aria-hidden=\"true\" class=\"wp-block-spacer\"><\/div>\n\n\n\n<h2 class=\"wp-block-heading\">PFLANZEN F\u00dcR DIE ZUKUNFT<\/h2>\n\n\n\n<p>\u00dcberall im Geb\u00e4ude, auf allen Terrassen und im Drop-off-Bereich schaffen B\u00e4ume, Str\u00e4ucher, B\u00fcsche und Gr\u00e4ser ein \u00fcppiges Biotop, das zum Eintauchen einl\u00e4dt und von den verschiedenen Geb\u00e4udeebenen aus sichtbar ist.<\/p>\n\n\n\n<p>Auf unserem gr\u00fcnen Dach wird eine Vielfalt an Gr\u00e4sern, immergr\u00fcnen Pflanzen und kleinen B\u00fcschen wachsen. Die \u00e4sthetischen Vorz\u00fcge und der Erholungswert gr\u00fcner D\u00e4cher und Terrassen liegen auf der Hand. Aber auch dar\u00fcber hinaus leisten sie im st\u00e4dtischen Umfeld einen Beitrag, denn sie f\u00f6rdern die Artenvielfalt und schaffen neue Lebensr\u00e4ume f\u00fcr Pflanzen und Tiere.<\/p>\n\n\n\n<p>Da die gr\u00fcnen D\u00e4cher Wasser speichern k\u00f6nnen, erm\u00f6glichen sie ein besseres Wassermanagement. Sie absorbieren Regenwasser, lassen es mit Verz\u00f6gerung verdampfen und entlasten so die Abwassersysteme. Auch das Mikroklima verbessert sich, da der vermehrte Wasserdampf Temperaturextreme lokal ausgleichen kann. Die bepflanzten Fl\u00e4chen filtern Feinstaub und Schwermetalle aus der Luft.<\/p>\n\n\n<div class=\"wp-block-image\">\n<figure class=\"aligncenter size-large is-resized\"><img loading=\"lazy\" decoding=\"async\" src=\"https:\/\/www.lux-airport.lu\/wp-content\/uploads\/2023\/06\/Asset-13@5x-1-edited.png\" alt=\"\" class=\"wp-image-14099\" width=\"949\" height=\"1519\" srcset=\"https:\/\/www.lux-airport.lu\/wp-content\/uploads\/2023\/06\/Asset-13@5x-1-edited.png 1899w, https:\/\/www.lux-airport.lu\/wp-content\/uploads\/2023\/06\/Asset-13@5x-1-edited-187x300.png 187w, https:\/\/www.lux-airport.lu\/wp-content\/uploads\/2023\/06\/Asset-13@5x-1-edited-639x1024.png 639w, https:\/\/www.lux-airport.lu\/wp-content\/uploads\/2023\/06\/Asset-13@5x-1-edited-768x1230.png 768w, https:\/\/www.lux-airport.lu\/wp-content\/uploads\/2023\/06\/Asset-13@5x-1-edited-959x1536.png 959w, https:\/\/www.lux-airport.lu\/wp-content\/uploads\/2023\/06\/Asset-13@5x-1-edited-1279x2048.png 1279w\" sizes=\"auto, (max-width: 949px) 100vw, 949px\" \/><\/figure>\n<\/div>\n\n\n<h3 class=\"wp-block-heading\"><strong>WEITERE VORTEILE<\/strong><\/h3>\n\n\n\n<div style=\"height:30px\" aria-hidden=\"true\" class=\"wp-block-spacer\"><\/div>\n\n\n\n<p><\/p>\n\n\n\n<ul class=\"wp-block-list\">\n<li>Die Pflanzenschicht wirkt w\u00e4rmeisolierend und sch\u00fctzt vor L\u00e4rm.<\/li>\n\n\n\n<li>Die Lebensdauer der Dachhaut verl\u00e4ngert sich, da sie weder Sonne noch Temperaturschwankungen ausgesetzt ist.<\/li>\n\n\n\n<li>Die Vegetation filtert den Wind und bietet Schutz.<\/li>\n\n\n\n<li>Gr\u00fcne D\u00e4cher sorgen dank dem Wassergehalt des Bodens und der Vegetation f\u00fcr guten Brandschutz.<\/li>\n<\/ul>\n\n\n<div class=\"wp-block-image\">\n<figure class=\"aligncenter size-large\"><img loading=\"lazy\" decoding=\"async\" width=\"1024\" height=\"831\" src=\"https:\/\/www.lux-airport.lu\/wp-content\/uploads\/2023\/06\/Asset-14@5x-1024x831.png\" alt=\"\" class=\"wp-image-14103\" srcset=\"https:\/\/www.lux-airport.lu\/wp-content\/uploads\/2023\/06\/Asset-14@5x-1024x831.png 1024w, https:\/\/www.lux-airport.lu\/wp-content\/uploads\/2023\/06\/Asset-14@5x-300x244.png 300w, https:\/\/www.lux-airport.lu\/wp-content\/uploads\/2023\/06\/Asset-14@5x-768x624.png 768w, https:\/\/www.lux-airport.lu\/wp-content\/uploads\/2023\/06\/Asset-14@5x-1536x1247.png 1536w, https:\/\/www.lux-airport.lu\/wp-content\/uploads\/2023\/06\/Asset-14@5x-2048x1663.png 2048w\" sizes=\"auto, (max-width: 1024px) 100vw, 1024px\" \/><\/figure>\n<\/div>\n\n\n<div style=\"height:100px\" aria-hidden=\"true\" class=\"wp-block-spacer\"><\/div>\n\n\n\n<h4 class=\"wp-block-heading\"><strong>DIE HOLZKONSTRUKTION ALS ALLROUND-TALENT<\/strong><\/h4>\n\n\n\n<p>\u00dcber die Lebensdauer des Geb\u00e4udes wird CO<sub>2<\/sub> gebunden und somit der Atmosph\u00e4re entzogen.<\/p>\n\n\n\n<div class=\"wp-block-group lightGreenBackground is-content-justification-center is-nowrap is-layout-flex wp-container-core-group-is-layout-94bc23d7 wp-block-group-is-layout-flex\">\n<figure class=\"wp-block-image size-large lightGreenBackground\"><img loading=\"lazy\" decoding=\"async\" width=\"1024\" height=\"623\" src=\"https:\/\/www.lux-airport.lu\/wp-content\/uploads\/2023\/06\/Asset-15@5x-1024x623.png\" alt=\"\" class=\"wp-image-14107\" srcset=\"https:\/\/www.lux-airport.lu\/wp-content\/uploads\/2023\/06\/Asset-15@5x-1024x623.png 1024w, https:\/\/www.lux-airport.lu\/wp-content\/uploads\/2023\/06\/Asset-15@5x-300x182.png 300w, https:\/\/www.lux-airport.lu\/wp-content\/uploads\/2023\/06\/Asset-15@5x-768x467.png 768w, https:\/\/www.lux-airport.lu\/wp-content\/uploads\/2023\/06\/Asset-15@5x-1536x934.png 1536w, https:\/\/www.lux-airport.lu\/wp-content\/uploads\/2023\/06\/Asset-15@5x.png 1715w\" sizes=\"auto, (max-width: 1024px) 100vw, 1024px\" \/><\/figure>\n<\/div>\n\n\n\n<div style=\"height:100px\" aria-hidden=\"true\" class=\"wp-block-spacer\"><\/div>\n\n\n\n<figure class=\"wp-block-image size-full\"><img loading=\"lazy\" decoding=\"async\" width=\"1722\" height=\"564\" src=\"https:\/\/www.lux-airport.lu\/wp-content\/uploads\/2022\/11\/image-3.png\" alt=\"Diagramm zur Umgebungsoptimierung\" class=\"wp-image-8506\" srcset=\"https:\/\/www.lux-airport.lu\/wp-content\/uploads\/2022\/11\/image-3.png 1722w, https:\/\/www.lux-airport.lu\/wp-content\/uploads\/2022\/11\/image-3-300x98.png 300w, https:\/\/www.lux-airport.lu\/wp-content\/uploads\/2022\/11\/image-3-1024x335.png 1024w, https:\/\/www.lux-airport.lu\/wp-content\/uploads\/2022\/11\/image-3-768x252.png 768w, https:\/\/www.lux-airport.lu\/wp-content\/uploads\/2022\/11\/image-3-1536x503.png 1536w\" sizes=\"auto, (max-width: 1722px) 100vw, 1722px\" \/><\/figure>\n","protected":false},"excerpt":{"rendered":"<p>SKYPARK BUSINESS CENTER Die Architekten der Kopenhagener Bjarke Ingels Group (BIG) entwarfen die nachhaltige Suprastruktur f\u00fcr das Flughafengeb\u00e4ude. Die Struktur vermittelt Transparenz und \u00f6ffnet sich der Umgebung. In Phase&nbsp;1 wird mit den leichten Pfeilern, Tr\u00e4gern und Decken aus Holz eine Gesamtfl\u00e4che von 30&nbsp;700&nbsp;m2 geschaffen. 30,700 7 GREEN M2 GEB\u00c4UDEFL\u00c4CHE AUS HOLZ ETAGEN GEB\u00c4UDE Die nachhaltigen [&hellip;]<\/p>\n","protected":false},"author":1,"featured_media":0,"parent":8963,"menu_order":0,"comment_status":"closed","ping_status":"closed","template":"","meta":{"_acf_changed":false,"footnotes":""},"class_list":["post-6937","page","type-page","status-publish","hentry"],"acf":{"set_page_width_full":false,"start_with_small_header":false,"reno_options":{"hide_reno_widget":false,"open_widget_on_page_load":false,"which_tab_to_open":"chatbot","hide_reno_turn_onoff":false,"set_height_to_mini":false,"reno_page_branded_text_back_front":{"reno_show_branded_text":false,"reno_text_in_the_back":"JOURNEY","reno_text_in_the_front":"my journey starts here"}},"branded_text_backfront":{"hide_branded_text":false,"text_in_the_back":"JOURNEY","text_in_the_front_left":"My journey","text_in_the_front_right":"starts here"},"hide_breadcrumbs":false,"hide_footer_widgets":false,"hide_page_title":false,"advertising__adsense":{"show_ads_in_this_page":true,"image_instead_of_adsense":{"enable_image_instead_of_adsense":false,"banner_image_300x250":null,"banner_url":""}},"header_image_options":{"show_header_image":"Yes","header_image":""}},"_links":{"self":[{"href":"https:\/\/www.lux-airport.lu\/de\/wp-json\/wp\/v2\/pages\/6937","targetHints":{"allow":["GET"]}}],"collection":[{"href":"https:\/\/www.lux-airport.lu\/de\/wp-json\/wp\/v2\/pages"}],"about":[{"href":"https:\/\/www.lux-airport.lu\/de\/wp-json\/wp\/v2\/types\/page"}],"author":[{"embeddable":true,"href":"https:\/\/www.lux-airport.lu\/de\/wp-json\/wp\/v2\/users\/1"}],"replies":[{"embeddable":true,"href":"https:\/\/www.lux-airport.lu\/de\/wp-json\/wp\/v2\/comments?post=6937"}],"version-history":[{"count":0,"href":"https:\/\/www.lux-airport.lu\/de\/wp-json\/wp\/v2\/pages\/6937\/revisions"}],"up":[{"embeddable":true,"href":"https:\/\/www.lux-airport.lu\/de\/wp-json\/wp\/v2\/pages\/8963"}],"wp:attachment":[{"href":"https:\/\/www.lux-airport.lu\/de\/wp-json\/wp\/v2\/media?parent=6937"}],"curies":[{"name":"wp","href":"https:\/\/api.w.org\/{rel}","templated":true}]}}