{"id":10021,"date":"2023-01-05T22:48:23","date_gmt":"2023-01-05T21:48:23","guid":{"rendered":"https:\/\/www.lux-airport.lu\/unternehmensbereich\/presse\/nachrichten\/"},"modified":"2023-01-05T22:52:42","modified_gmt":"2023-01-05T21:52:42","slug":"nachrichten","status":"publish","type":"page","link":"https:\/\/www.lux-airport.lu\/de\/unternehmen\/presse\/nachrichten\/","title":{"rendered":"Nachrichten"},"content":{"rendered":"<ul class=\"wp-block-latest-posts__list is-grid columns-3 has-dates aligncenter wp-block-latest-posts\"><li><a class=\"wp-block-latest-posts__post-title\" href=\"https:\/\/www.lux-airport.lu\/de\/luxair-und-lux-airport-bestaetigen-erfolgreiche-ergebnisse-eines-tests-zur-vorbereitung-fruehmorgendlicher-abfluege-am-flughafen-luxemburg\/\">Luxair und lux-Airport best\u00e4tigen erfolgreiche Ergebnisse eines Tests zur Vorbereitung fr\u00fchmorgendlicher Abfl\u00fcge am Flughafen Luxemburg<\/a><time datetime=\"2026-02-06T10:10:42+01:00\" class=\"wp-block-latest-posts__post-date\">6. Februar 2026<\/time><div class=\"wp-block-latest-posts__post-excerpt\">Luxair und lux-Airport freuen sich, die positiven Ergebnisse eines operativen Tests bekannt zu geben, der zwischen dem 18. und 20. Dezember 2025 am Flughafen Luxemburg durchgef\u00fchrt wurde. Ziel dieser gemeinsamen Initiative war es, die P\u00fcnktlichkeit der fr\u00fchmorgendlichen Abfl\u00fcge zu verbessern und das Passagiererlebnis zu optimieren, indem Flughafen- und Airline-Prozesse bereits vor der ersten Abflugwelle effizienter\u2026\u00a0<a class=\"wp-block-latest-posts__read-more\" href=\"https:\/\/www.lux-airport.lu\/de\/luxair-und-lux-airport-bestaetigen-erfolgreiche-ergebnisse-eines-tests-zur-vorbereitung-fruehmorgendlicher-abfluege-am-flughafen-luxemburg\/\" rel=\"noopener noreferrer\"><span class=\"screen-reader-text\">Luxair und lux-Airport best\u00e4tigen erfolgreiche Ergebnisse eines Tests zur Vorbereitung fr\u00fchmorgendlicher Abfl\u00fcge am Flughafen Luxemburg <\/span>weiterlesen<\/a><\/div><\/li>\n<li><a class=\"wp-block-latest-posts__post-title\" href=\"https:\/\/www.lux-airport.lu\/de\/etihad-airways-to-launch-direct-flights-between-luxembourg-and-abu-dhabi\/\">Etihad Airways lanciert als erste Fluggesellschaft aus dem Mittlere Osten Fl\u00fcge nach Luxemburg<\/a><time datetime=\"2026-01-09T11:22:46+01:00\" class=\"wp-block-latest-posts__post-date\">9. Januar 2026<\/time><div class=\"wp-block-latest-posts__post-excerpt\">Pressemeldung von Etihad Airways \u2013 9. Januar 2026 Abu Dhabi, VAE \u2013 Etihad Airways hat den Start von Fl\u00fcgen nach Luxemburg angek\u00fcndigt und setzt damit einen Meilenstein als erste Fluggesellschaft aus dem Mittleren Osten, die das Land anfliegt. Wenn der Flugbetrieb am 29. Oktober 2026 aufgenommen wird, wird Etihad auch zur einzigen Fluggesellschaft, die Nonstop-Fl\u00fcge\u2026\u00a0<a class=\"wp-block-latest-posts__read-more\" href=\"https:\/\/www.lux-airport.lu\/de\/etihad-airways-to-launch-direct-flights-between-luxembourg-and-abu-dhabi\/\" rel=\"noopener noreferrer\"><span class=\"screen-reader-text\">Etihad Airways lanciert als erste Fluggesellschaft aus dem Mittlere Osten Fl\u00fcge nach Luxemburg <\/span>weiterlesen<\/a><\/div><\/li>\n<li><a class=\"wp-block-latest-posts__post-title\" href=\"https:\/\/www.lux-airport.lu\/de\/%e2%9d%84%ef%b8%8f-winter-conditions-at-luxembourg-airport\/\">\u2744\ufe0f Winter conditions at Luxembourg Airport<\/a><time datetime=\"2026-01-03T13:26:01+01:00\" class=\"wp-block-latest-posts__post-date\">3. Januar 2026<\/time><div class=\"wp-block-latest-posts__post-excerpt\">Snowfall earlier today means our winter operations remain in place, including runway snow clearance and aircraft, stand and walkway de-icing. Some delays are possible, but our teams are in place to keep the airport operating safely and smoothly. If you\u2019re travelling to the airport, please allow extra time and take care on the roads.<\/div><\/li>\n<li><a class=\"wp-block-latest-posts__post-title\" href=\"https:\/\/www.lux-airport.lu\/de\/security-check-during-xmas-hand-luggage\/\">Sicherheitskontrolle w\u00e4hrend der Weihnachtszeit &#8211; Handgep\u00e4ck<\/a><time datetime=\"2025-12-12T12:00:07+01:00\" class=\"wp-block-latest-posts__post-date\">12. Dezember 2025<\/time><div class=\"wp-block-latest-posts__post-excerpt\">Tipps f\u00fcr das Handgep\u00e4ck bei der Sicherheitskontrolle Mit der bevorstehenden Weihnachtszeit packen viele Reisende Leckereien wie Marzipan, Pastete, Weichk\u00e4se oder festliche Gegenst\u00e4nde wie Schneekugeln und Feuerwerksk\u00f6rper in ihr Handgep\u00e4ck. Auch wenn diese saisonalen K\u00f6stlichkeiten eine Freude sind, sollten Sie daran denken, dass bestimmte Lebensmittel und andere Gegenst\u00e4nde aufgrund von Sicherheitsbestimmungen nicht im Handgep\u00e4ck mitgef\u00fchrt werden\u2026\u00a0<a class=\"wp-block-latest-posts__read-more\" href=\"https:\/\/www.lux-airport.lu\/de\/security-check-during-xmas-hand-luggage\/\" rel=\"noopener noreferrer\"><span class=\"screen-reader-text\">Sicherheitskontrolle w\u00e4hrend der Weihnachtszeit &#8211; Handgep\u00e4ck <\/span>weiterlesen<\/a><\/div><\/li>\n<li><a class=\"wp-block-latest-posts__post-title\" href=\"https:\/\/www.lux-airport.lu\/de\/full-scale-emergency-exercise-at-luxembourg-airport\/\">Full-Scale Emergency Exercise at Luxembourg Airport<\/a><time datetime=\"2025-11-15T20:29:26+01:00\" class=\"wp-block-latest-posts__post-date\">15. November 2025<\/time><div class=\"wp-block-latest-posts__post-excerpt\">Today, 15 November 2025, Luxembourg Airport carried out its full-scale emergency exercise, \u201cSPARK25\u201d, designed to test and ensure the effectiveness of its emergency procedures. Such crisis simulations are required every two years to comply with international standards, maintain operational readiness, strengthen preparedness, and ensure the highest levels of safety in the unlikely event of an\u2026\u00a0<a class=\"wp-block-latest-posts__read-more\" href=\"https:\/\/www.lux-airport.lu\/de\/full-scale-emergency-exercise-at-luxembourg-airport\/\" rel=\"noopener noreferrer\"><span class=\"screen-reader-text\">Full-Scale Emergency Exercise at Luxembourg Airport <\/span>weiterlesen<\/a><\/div><\/li>\n<li><a class=\"wp-block-latest-posts__post-title\" href=\"https:\/\/www.lux-airport.lu\/de\/new-pre-booking-made-easy-enter-with-your-license-plate-%f0%9f%85%bf%ef%b8%8f\/\">NEW \u2013 Pre-booking made easy: enter with your license plate \ud83c\udd7f\ufe0f<\/a><time datetime=\"2025-10-14T14:13:26+02:00\" class=\"wp-block-latest-posts__post-date\">14. Oktober 2025<\/time><div class=\"wp-block-latest-posts__post-excerpt\">Booked your parking with lux-Airport? Great news \u2014 you can now enter and exit the car park simply with your license plate.We\u2019ve upgraded our parking barriers to make your journey smoother: \ud83d\udc49 For bookings made on or after 14 October Just drive to your chosen car park. The barrier will automatically recognize your license plate\u2026\u00a0<a class=\"wp-block-latest-posts__read-more\" href=\"https:\/\/www.lux-airport.lu\/de\/new-pre-booking-made-easy-enter-with-your-license-plate-%f0%9f%85%bf%ef%b8%8f\/\" rel=\"noopener noreferrer\"><span class=\"screen-reader-text\">NEW \u2013 Pre-booking made easy: enter with your license plate \ud83c\udd7f\ufe0f <\/span>weiterlesen<\/a><\/div><\/li>\n<li><a class=\"wp-block-latest-posts__post-title\" href=\"https:\/\/www.lux-airport.lu\/de\/entry-exit-system-ees-a-modern-more-efficient-border-management-system-for-europe\/\">Entry-Exit System (EES) &#8211; A Modern, More Efficient Border Management System for Europe<\/a><time datetime=\"2025-10-09T12:15:37+02:00\" class=\"wp-block-latest-posts__post-date\">9. Oktober 2025<\/time><div class=\"wp-block-latest-posts__post-excerpt\">On 12 October 2025 \u2013 this Sunday \u2013 a new border management system, the Entry\/Exit System (EES), will start operating at Luxembourg Airport.\u2708\ufe0f Learn all about the EES by visiting the website here: https:\/\/travel-europe.europa.eu\/ees Frequently Asked Questions &#8211; Entry-Exit-System (EES) What is the Entry-Exit-System (EES)? The Entry\/Exit System (EES) is a new EU border management\u2026\u00a0<a class=\"wp-block-latest-posts__read-more\" href=\"https:\/\/www.lux-airport.lu\/de\/entry-exit-system-ees-a-modern-more-efficient-border-management-system-for-europe\/\" rel=\"noopener noreferrer\"><span class=\"screen-reader-text\">Entry-Exit System (EES) &#8211; A Modern, More Efficient Border Management System for Europe <\/span>weiterlesen<\/a><\/div><\/li>\n<li><a class=\"wp-block-latest-posts__post-title\" href=\"https:\/\/www.lux-airport.lu\/de\/luxembourg-airport-begins-construction-of-state-of-the-art-fuel-farm-to-meet-21st-century-supply-demands\/\">Luxembourg Airport Begins Construction of State-of-the-Art Fuel Farm to meet 21st century supply demands<\/a><time datetime=\"2025-10-02T10:00:00+02:00\" class=\"wp-block-latest-posts__post-date\">2. Oktober 2025<\/time><div class=\"wp-block-latest-posts__post-excerpt\">On October 1st, 2025, Luxembourg Airport marked an important step in its development with the groundbreaking ceremony for its new fuel farm. Minister Yuriko Backes, Minister for Mobility and Public Works, was joined by Mayor of Niederanven, Fred Ternes and lux-Airport CEO Alexander Flassak in a symbolic act to officially launch the construction of the\u2026\u00a0<a class=\"wp-block-latest-posts__read-more\" href=\"https:\/\/www.lux-airport.lu\/de\/luxembourg-airport-begins-construction-of-state-of-the-art-fuel-farm-to-meet-21st-century-supply-demands\/\" rel=\"noopener noreferrer\"><span class=\"screen-reader-text\">Luxembourg Airport Begins Construction of State-of-the-Art Fuel Farm to meet 21st century supply demands <\/span>weiterlesen<\/a><\/div><\/li>\n<li><a class=\"wp-block-latest-posts__post-title\" href=\"https:\/\/www.lux-airport.lu\/de\/luxembourg-airport-runway-incident-statement-from-lux-airport-30-06-2025\/\">Luxembourg Airport Runway Incident \u2013 Statement from lux-Airport 30.06.2025<\/a><time datetime=\"2025-06-30T16:46:20+02:00\" class=\"wp-block-latest-posts__post-date\">30. Juni 2025<\/time><div class=\"wp-block-latest-posts__post-excerpt\">On Friday, 13 June 2025, a structural anomaly was detected on the center line of the runway at Luxembourg Airport, prompting an immediate and precautionary closure of the runway to ensure the safety of all air traffic operations. The anomaly, identified as a detachment of the asphalt top layer, led to the temporary suspension of\u2026\u00a0<a class=\"wp-block-latest-posts__read-more\" href=\"https:\/\/www.lux-airport.lu\/de\/luxembourg-airport-runway-incident-statement-from-lux-airport-30-06-2025\/\" rel=\"noopener noreferrer\"><span class=\"screen-reader-text\">Luxembourg Airport Runway Incident \u2013 Statement from lux-Airport 30.06.2025 <\/span>weiterlesen<\/a><\/div><\/li>\n<li><a class=\"wp-block-latest-posts__post-title\" href=\"https:\/\/www.lux-airport.lu\/de\/update-14-06-25-betrieb-der-start-und-landebahn-am-flughafen-luxemburg\/\">Update 14.06.25: Betrieb der Start- und Landebahn am Flughafen Luxemburg<\/a><time datetime=\"2025-06-14T19:39:49+02:00\" class=\"wp-block-latest-posts__post-date\">14. Juni 2025<\/time><div class=\"wp-block-latest-posts__post-excerpt\">Nach der reparaturbedingten zeitweisen Schlie\u00dfung der Start- und Landebahn am Abend des 13.6.2025 und anschlie\u00dfend eingeschr\u00e4nktem Betrieb auf der verk\u00fcrzten Start- und Landebahn konnten die Arbeiten in der Nacht erfolgreich abgeschlossen werden. Am 14.6.2025 konnte der Betrieb planm\u00e4\u00dfig und ohne operative Einschr\u00e4nkungen auf der vollen L\u00e4nge der Start- und Landebahn zu Betriebsbeginn um 6:00 Uhr\u2026\u00a0<a class=\"wp-block-latest-posts__read-more\" href=\"https:\/\/www.lux-airport.lu\/de\/update-14-06-25-betrieb-der-start-und-landebahn-am-flughafen-luxemburg\/\" rel=\"noopener noreferrer\"><span class=\"screen-reader-text\">Update 14.06.25: Betrieb der Start- und Landebahn am Flughafen Luxemburg <\/span>weiterlesen<\/a><\/div><\/li>\n<li><a class=\"wp-block-latest-posts__post-title\" href=\"https:\/\/www.lux-airport.lu\/de\/one-year-of-plane-spotters-afterwork-a-special-anniversary-edition\/\">One Year of Plane Spotters Afterwork \u2013 A Special Anniversary Edition<\/a><time datetime=\"2025-06-06T19:37:56+02:00\" class=\"wp-block-latest-posts__post-date\">6. Juni 2025<\/time><div class=\"wp-block-latest-posts__post-excerpt\">A gathering of aviation lovers \u2013 where breathtaking images spoke straight to the heart On June 5th, 2025, we had the pleasure of celebrating one year of the Plane Spotters Afterwork Club with a special edition event held at the Skypark Business Center (copper building besides the Luxembourg Airport Terminal). The evening brought together more\u2026\u00a0<a class=\"wp-block-latest-posts__read-more\" href=\"https:\/\/www.lux-airport.lu\/de\/one-year-of-plane-spotters-afterwork-a-special-anniversary-edition\/\" rel=\"noopener noreferrer\"><span class=\"screen-reader-text\">One Year of Plane Spotters Afterwork \u2013 A Special Anniversary Edition <\/span>weiterlesen<\/a><\/div><\/li>\n<li><a class=\"wp-block-latest-posts__post-title\" href=\"https:\/\/www.lux-airport.lu\/de\/lux-airport-fuehrt-sunflower-programm-ein-mehr-unterstuetzung-fuer-menschen-mit-nicht-sichtbaren-behinderungen\/\">lux-Airport f\u00fchrt Sunflower-Programm ein: Mehr Unterst\u00fctzung f\u00fcr Menschen mit nicht-sichtbaren Behinderungen<\/a><time datetime=\"2025-05-12T15:57:48+02:00\" class=\"wp-block-latest-posts__post-date\">12. Mai 2025<\/time><div class=\"wp-block-latest-posts__post-excerpt\">Luxemburg, 12. Mai 2025 \u2013 lux-Airport ist dem internationalen Hidden Disabilities Sunflower-Programm beigetreten und setzt damit ein deutliches Zeichen f\u00fcr mehr Inklusion und Barrierefreiheit am Flughafen Luxemburg. Als erstes Unternehmen in Luxemburg nimmt lux-Airport offiziell an diesem global anerkannten Programm teil. Das Sunflower-Symbol (eine Sonnenblume) erm\u00f6glicht es Menschen mit nicht-sichtbaren Behinderungen, diskret darauf hinzuweisen, dass\u2026\u00a0<a class=\"wp-block-latest-posts__read-more\" href=\"https:\/\/www.lux-airport.lu\/de\/lux-airport-fuehrt-sunflower-programm-ein-mehr-unterstuetzung-fuer-menschen-mit-nicht-sichtbaren-behinderungen\/\" rel=\"noopener noreferrer\"><span class=\"screen-reader-text\">lux-Airport f\u00fchrt Sunflower-Programm ein: Mehr Unterst\u00fctzung f\u00fcr Menschen mit nicht-sichtbaren Behinderungen <\/span>weiterlesen<\/a><\/div><\/li>\n<\/ul>","protected":false},"excerpt":{"rendered":"","protected":false},"author":1,"featured_media":0,"parent":6945,"menu_order":0,"comment_status":"closed","ping_status":"closed","template":"","meta":{"_acf_changed":false,"footnotes":""},"class_list":["post-10021","page","type-page","status-publish","hentry"],"acf":{"set_page_width_full":false,"start_with_small_header":false,"reno_options":{"hide_reno_widget":false,"open_widget_on_page_load":false,"which_tab_to_open":"chatbot","hide_reno_turn_onoff":false,"set_height_to_mini":false,"reno_page_branded_text_back_front":{"reno_show_branded_text":false,"reno_text_in_the_back":"JOURNEY","reno_text_in_the_front":"my journey starts here"}},"branded_text_backfront":{"hide_branded_text":false,"text_in_the_back":"JOURNEY","text_in_the_front_left":"My journey","text_in_the_front_right":"starts here"},"hide_breadcrumbs":false,"hide_footer_widgets":false,"hide_page_title":false,"advertising__adsense":{"show_ads_in_this_page":true,"image_instead_of_adsense":{"enable_image_instead_of_adsense":false,"banner_image_300x250":null,"banner_url":""}},"header_image_options":{"show_header_image":"Yes","header_image":""}},"_links":{"self":[{"href":"https:\/\/www.lux-airport.lu\/de\/wp-json\/wp\/v2\/pages\/10021","targetHints":{"allow":["GET"]}}],"collection":[{"href":"https:\/\/www.lux-airport.lu\/de\/wp-json\/wp\/v2\/pages"}],"about":[{"href":"https:\/\/www.lux-airport.lu\/de\/wp-json\/wp\/v2\/types\/page"}],"author":[{"embeddable":true,"href":"https:\/\/www.lux-airport.lu\/de\/wp-json\/wp\/v2\/users\/1"}],"replies":[{"embeddable":true,"href":"https:\/\/www.lux-airport.lu\/de\/wp-json\/wp\/v2\/comments?post=10021"}],"version-history":[{"count":0,"href":"https:\/\/www.lux-airport.lu\/de\/wp-json\/wp\/v2\/pages\/10021\/revisions"}],"up":[{"embeddable":true,"href":"https:\/\/www.lux-airport.lu\/de\/wp-json\/wp\/v2\/pages\/6945"}],"wp:attachment":[{"href":"https:\/\/www.lux-airport.lu\/de\/wp-json\/wp\/v2\/media?parent=10021"}],"curies":[{"name":"wp","href":"https:\/\/api.w.org\/{rel}","templated":true}]}}