{"id":7949,"date":"2022-09-25T13:49:05","date_gmt":"2022-09-25T11:49:05","guid":{"rendered":"https:\/\/www.lux-airport.lu\/faq\/gibt-es-neue-massnahmen-im-bereich-der-sicherheit\/"},"modified":"2023-05-31T15:36:04","modified_gmt":"2023-05-31T14:36:04","slug":"gibt-es-neue-massnahmen-im-bereich-der-sicherheit","status":"publish","type":"faq","link":"https:\/\/www.lux-airport.lu\/de\/faq\/gibt-es-neue-massnahmen-im-bereich-der-sicherheit\/","title":{"rendered":"Gibt es neue Ma\u00dfnahmen im Sicherheitsbereich?"},"content":{"rendered":"\n<p>Achten Sie bitte auf die Husten- und Nies-Etikette sowie auf eine gute H\u00e4ndehygiene. Bitte befolgen Sie auch die Anweisungen des Gesundheitsministeriums unter www.gouvernement.lu. Nehmen Sie R\u00fccksicht auf andere Menschen und sch\u00fctzen Sie diese, indem Sie z.\u00a0B. in die Armbeuge husten und niesen.<\/p>\n","protected":false},"template":"","faq_categories":[],"class_list":["post-7949","faq","type-faq","status-publish","hentry"],"acf":[],"_links":{"self":[{"href":"https:\/\/www.lux-airport.lu\/de\/wp-json\/wp\/v2\/faq\/7949","targetHints":{"allow":["GET"]}}],"collection":[{"href":"https:\/\/www.lux-airport.lu\/de\/wp-json\/wp\/v2\/faq"}],"about":[{"href":"https:\/\/www.lux-airport.lu\/de\/wp-json\/wp\/v2\/types\/faq"}],"wp:attachment":[{"href":"https:\/\/www.lux-airport.lu\/de\/wp-json\/wp\/v2\/media?parent=7949"}],"wp:term":[{"taxonomy":"faq_categories","embeddable":true,"href":"https:\/\/www.lux-airport.lu\/de\/wp-json\/wp\/v2\/faq_categories?post=7949"}],"curies":[{"name":"wp","href":"https:\/\/api.w.org\/{rel}","templated":true}]}}